{"id":103,"date":"2019-06-24T13:44:06","date_gmt":"2019-06-24T13:44:06","guid":{"rendered":"https:\/\/youthottawa.ca\/?page_id=103"},"modified":"2025-12-03T16:40:15","modified_gmt":"2025-12-03T16:40:15","slug":"the-latest","status":"publish","type":"page","link":"https:\/\/www.youthottawa.ca\/fr\/the-latest\/","title":{"rendered":"Nouvelles"},"content":{"rendered":"<div data-elementor-type=\"wp-post\" data-elementor-id=\"103\" class=\"elementor elementor-103\">\n\t\t\t\t\t\t<div class=\"elementor-inner\">\n\t\t\t\t<div class=\"elementor-section-wrap\">\n\t\t\t\t\t\t\t\t\t<section class=\"has_eae_slider elementor-section elementor-top-section elementor-element elementor-element-5dfde7d6 elementor-section-stretched elementor-section-full_width elementor-section-height-default elementor-section-height-default\" data-id=\"5dfde7d6\" data-element_type=\"section\" data-settings=\"{&quot;stretch_section&quot;:&quot;section-stretched&quot;,&quot;background_background&quot;:&quot;classic&quot;,&quot;shape_divider_bottom&quot;:&quot;pyramids&quot;,&quot;shape_divider_bottom_negative&quot;:&quot;yes&quot;}\">\n\t\t\t\t\t<div class=\"elementor-shape elementor-shape-bottom\" data-negative=\"true\">\n\t\t\t<svg xmlns=\"http:\/\/www.w3.org\/2000\/svg\" viewbox=\"0 0 1000 100\" preserveaspectratio=\"none\">\n\t<path class=\"elementor-shape-fill\" d=\"M761.9,40.6L643.1,24L333.9,93.8L0.1,1H0v99h1000V1\"\/>\n<\/svg>\t\t<\/div>\n\t\t\t\t\t<div class=\"elementor-container elementor-column-gap-default\">\n\t\t\t\t\t\t\t<div class=\"elementor-row\">\n\t\t\t\t\t<div class=\"has_eae_slider elementor-column elementor-col-100 elementor-top-column elementor-element elementor-element-36f9a021\" data-id=\"36f9a021\" data-element_type=\"column\">\n\t\t\t<div class=\"elementor-column-wrap\">\n\t\t\t\t\t\t\t<div class=\"elementor-widget-wrap\">\n\t\t\t\t\t\t\t\t<\/div>\n\t\t\t\t\t<\/div>\n\t\t<\/div>\n\t\t\t\t\t\t\t\t<\/div>\n\t\t\t\t\t<\/div>\n\t\t<\/section>\n\t\t\t\t<section class=\"has_eae_slider elementor-section elementor-top-section elementor-element elementor-element-f3b26ae elementor-section-stretched elementor-section-boxed elementor-section-height-default elementor-section-height-default\" data-id=\"f3b26ae\" data-element_type=\"section\" data-settings=\"{&quot;stretch_section&quot;:&quot;section-stretched&quot;}\">\n\t\t\t\t\t\t<div class=\"elementor-container elementor-column-gap-default\">\n\t\t\t\t\t\t\t<div class=\"elementor-row\">\n\t\t\t\t\t<div class=\"has_eae_slider elementor-column elementor-col-100 elementor-top-column elementor-element elementor-element-afb942e\" data-id=\"afb942e\" data-element_type=\"column\">\n\t\t\t<div class=\"elementor-column-wrap elementor-element-populated\">\n\t\t\t\t\t\t\t<div class=\"elementor-widget-wrap\">\n\t\t\t\t\t\t<div class=\"elementor-element elementor-element-beb262f elementor-widget elementor-widget-heading\" data-id=\"beb262f\" data-element_type=\"widget\" data-widget_type=\"heading.default\">\n\t\t\t\t<div class=\"elementor-widget-container\">\n\t\t\t<h1 class=\"elementor-heading-title elementor-size-default\">Nouvelles<\/h1>\t\t<\/div>\n\t\t\t\t<\/div>\n\t\t\t\t<div class=\"elementor-element elementor-element-cc6c47a elementor-widget elementor-widget-text-editor\" data-id=\"cc6c47a\" data-element_type=\"widget\" data-widget_type=\"text-editor.default\">\n\t\t\t\t<div class=\"elementor-widget-container\">\n\t\t\t\t\t\t\t\t<div class=\"elementor-text-editor elementor-clearfix\">\n\t\t\t\t<p>Restez \u00e0 jour des nouvelles et des \u00e9v\u00e9nements les plus r\u00e9cents de Jeunesse Ottawa.<\/p>\t\t\t\t\t<\/div>\n\t\t\t\t\t\t<\/div>\n\t\t\t\t<\/div>\n\t\t\t\t<div class=\"elementor-element elementor-element-29991a5 elementor-grid-eael-col-2 elementor-grid-tablet-eael-col-2 elementor-grid-mobile-eael-col-1 elementor-widget elementor-widget-eael-post-grid\" data-id=\"29991a5\" data-element_type=\"widget\" data-settings=\"{&quot;eael_post_grid_columns&quot;:&quot;eael-col-2&quot;,&quot;eael_post_grid_columns_tablet&quot;:&quot;eael-col-2&quot;,&quot;eael_post_grid_columns_mobile&quot;:&quot;eael-col-1&quot;}\" data-widget_type=\"eael-post-grid.default\">\n\t\t\t\t<div class=\"elementor-widget-container\">\n\t\t\t<div id=\"eael-post-grid-29991a5\" class=\"eael-post-grid-container\">\n            <div class=\"eael-post-grid eael-post-appender eael-post-appender-29991a5 eael-post-grid-style-default\" data-layout-mode=\"masonry\"><article class=\"eael-grid-post eael-post-grid-column\" data-id=\"5425\">\n        <div class=\"eael-grid-post-holder\">\n            <div class=\"eael-grid-post-holder-inner\"><div class=\"eael-entry-media\"><div class=\"eael-entry-overlay fade-in\"><i class=\"far fa-newspaper\" aria-hidden=\"true\"><\/i><a href=\"https:\/\/www.youthottawa.ca\/fr\/untapped-launches-at-city-hall\/\"><\/a><\/div><div class=\"eael-entry-thumbnail\">\n                <img loading=\"lazy\" decoding=\"async\" width=\"2000\" height=\"1200\" src=\"https:\/\/www.youthottawa.ca\/wp-content\/uploads\/2026\/04\/DSC07822-2000x1200.jpg\" class=\"attachment-twentyseventeen-featured-image size-twentyseventeen-featured-image wp-image-5427\" alt=\"\" srcset=\"https:\/\/www.youthottawa.ca\/wp-content\/uploads\/2026\/04\/DSC07822-2000x1200.jpg 2000w, https:\/\/www.youthottawa.ca\/wp-content\/uploads\/2026\/04\/DSC07822-18x12.jpg 18w\" sizes=\"auto, 100vw\" \/>\n            <\/div>\n        <\/div><div class=\"eael-entry-wrapper\"><header class=\"eael-entry-header\"><h2 class=\"eael-entry-title\"><a\n                        class=\"eael-grid-post-link\"\n                        href=\"https:\/\/www.youthottawa.ca\/fr\/untapped-launches-at-city-hall\/\"\n                        title=\"Untapped Launches at City Hall\">Untapped Launches at City Hall<\/a><\/h2><\/header><div class=\"eael-entry-content\">\n                        <div class=\"eael-grid-post-excerpt\"><p>City Hall, typically associated with policy, procedure, and formal decision-making; was transformed into a vibrant, youth-driven space filled with energy, creativity, and connection.<\/p><a\n                            href=\"https:\/\/www.youthottawa.ca\/fr\/untapped-launches-at-city-hall\/\"\n                            class=\"eael-post-elements-readmore-btn\">Lire la suite<\/a><\/div>\n                    <\/div><\/div><\/div>\n        <\/div>\n    <\/article><article class=\"eael-grid-post eael-post-grid-column\" data-id=\"5419\">\n        <div class=\"eael-grid-post-holder\">\n            <div class=\"eael-grid-post-holder-inner\"><div class=\"eael-entry-media\"><div class=\"eael-entry-overlay fade-in\"><i class=\"far fa-newspaper\" aria-hidden=\"true\"><\/i><a href=\"https:\/\/www.youthottawa.ca\/fr\/t4tamazingyouthrace\/\"><\/a><\/div><div class=\"eael-entry-thumbnail\">\n                <img loading=\"lazy\" decoding=\"async\" width=\"1080\" height=\"1200\" src=\"https:\/\/www.youthottawa.ca\/wp-content\/uploads\/2026\/04\/Trivia-post-english-1-1080x1200.png\" class=\"attachment-twentyseventeen-featured-image size-twentyseventeen-featured-image wp-image-5420\" alt=\"\" srcset=\"https:\/\/www.youthottawa.ca\/wp-content\/uploads\/2026\/04\/Trivia-post-english-1-1080x1200.png 1080w, https:\/\/www.youthottawa.ca\/wp-content\/uploads\/2026\/04\/Trivia-post-english-1-10x12.png 10w\" sizes=\"auto, 100vw\" \/>\n            <\/div>\n        <\/div><div class=\"eael-entry-wrapper\"><header class=\"eael-entry-header\"><h2 class=\"eael-entry-title\"><a\n                        class=\"eael-grid-post-link\"\n                        href=\"https:\/\/www.youthottawa.ca\/fr\/t4tamazingyouthrace\/\"\n                        title=\"A Special Edition of Trivia 4 Teams\">A Special Edition of Trivia 4 Teams<\/a><\/h2><\/header><div class=\"eael-entry-content\">\n                        <div class=\"eael-grid-post-excerpt\"><p>Play virtual trivia in support of The Amazing Youth Race in Ottawa!<\/p><a\n                            href=\"https:\/\/www.youthottawa.ca\/fr\/t4tamazingyouthrace\/\"\n                            class=\"eael-post-elements-readmore-btn\">Lire la suite<\/a><\/div>\n                    <\/div><\/div><\/div>\n        <\/div>\n    <\/article><article class=\"eael-grid-post eael-post-grid-column\" data-id=\"5403\">\n        <div class=\"eael-grid-post-holder\">\n            <div class=\"eael-grid-post-holder-inner\"><div class=\"eael-entry-media\"><div class=\"eael-entry-overlay fade-in\"><i class=\"far fa-newspaper\" aria-hidden=\"true\"><\/i><a href=\"https:\/\/www.youthottawa.ca\/fr\/applications-now-open-ottawa-youth-week-2026-leadership-competitions\/\"><\/a><\/div><div class=\"eael-entry-thumbnail\">\n                <img loading=\"lazy\" decoding=\"async\" width=\"2000\" height=\"1200\" src=\"https:\/\/www.youthottawa.ca\/wp-content\/uploads\/2026\/03\/Students-in-Classroom-scaled-1-2000x1200.jpg\" class=\"attachment-twentyseventeen-featured-image size-twentyseventeen-featured-image wp-image-5407\" alt=\"\" srcset=\"https:\/\/www.youthottawa.ca\/wp-content\/uploads\/2026\/03\/Students-in-Classroom-scaled-1-2000x1200.jpg 2000w, https:\/\/www.youthottawa.ca\/wp-content\/uploads\/2026\/03\/Students-in-Classroom-scaled-1-18x12.jpg 18w\" sizes=\"auto, 100vw\" \/>\n            <\/div>\n        <\/div><div class=\"eael-entry-wrapper\"><header class=\"eael-entry-header\"><h2 class=\"eael-entry-title\"><a\n                        class=\"eael-grid-post-link\"\n                        href=\"https:\/\/www.youthottawa.ca\/fr\/applications-now-open-ottawa-youth-week-2026-leadership-competitions\/\"\n                        title=\"Applications Now Open: Ottawa Youth Week 2026 Leadership Competitions\">Applications Now Open: Ottawa Youth Week 2026 Leadership Competitions<\/a><\/h2><\/header><div class=\"eael-entry-content\">\n                        <div class=\"eael-grid-post-excerpt\"><p>Applications Now Open: Ottawa Youth Week 2026 Leadership Competitions Brought to you by Ottawa\u2019s next generation of leaders \u2014 this is your moment.Youth Ottawa is proud to announce that applications...<\/p><a\n                            href=\"https:\/\/www.youthottawa.ca\/fr\/applications-now-open-ottawa-youth-week-2026-leadership-competitions\/\"\n                            class=\"eael-post-elements-readmore-btn\">Lire la suite<\/a><\/div>\n                    <\/div><\/div><\/div>\n        <\/div>\n    <\/article><article class=\"eael-grid-post eael-post-grid-column\" data-id=\"4500\">\n        <div class=\"eael-grid-post-holder\">\n            <div class=\"eael-grid-post-holder-inner\"><div class=\"eael-entry-media\"><div class=\"eael-entry-overlay fade-in\"><i class=\"far fa-newspaper\" aria-hidden=\"true\"><\/i><a href=\"https:\/\/www.youthottawa.ca\/fr\/a-note-from-a-youth-ottawa-board-member-planner-for-this-years-youth-ottawa-events\/\"><\/a><\/div><div class=\"eael-entry-thumbnail\">\n                <img loading=\"lazy\" decoding=\"async\" width=\"1920\" height=\"773\" src=\"https:\/\/www.youthottawa.ca\/wp-content\/uploads\/2026\/02\/banner.png\" class=\"attachment-twentyseventeen-featured-image size-twentyseventeen-featured-image wp-image-5391\" alt=\"\" srcset=\"https:\/\/www.youthottawa.ca\/wp-content\/uploads\/2026\/02\/banner.png 1920w, https:\/\/www.youthottawa.ca\/wp-content\/uploads\/2026\/02\/banner-300x121.png 300w, https:\/\/www.youthottawa.ca\/wp-content\/uploads\/2026\/02\/banner-1024x412.png 1024w, https:\/\/www.youthottawa.ca\/wp-content\/uploads\/2026\/02\/banner-768x309.png 768w, https:\/\/www.youthottawa.ca\/wp-content\/uploads\/2026\/02\/banner-1536x618.png 1536w, https:\/\/www.youthottawa.ca\/wp-content\/uploads\/2026\/02\/banner-18x7.png 18w\" sizes=\"auto, 100vw\" \/>\n            <\/div>\n        <\/div><div class=\"eael-entry-wrapper\"><header class=\"eael-entry-header\"><h2 class=\"eael-entry-title\"><a\n                        class=\"eael-grid-post-link\"\n                        href=\"https:\/\/www.youthottawa.ca\/fr\/a-note-from-a-youth-ottawa-board-member-planner-for-this-years-youth-ottawa-events\/\"\n                        title=\"A note from a Youth Ottawa Board Member \/ Planner for this year\u2019s Youth Ottawa Events\">A note from a Youth Ottawa Board Member \/ Planner for this year\u2019s Youth Ottawa Events<\/a><\/h2><\/header><div class=\"eael-entry-content\">\n                        <div class=\"eael-grid-post-excerpt\"><p>View 21 Under 21 Photobooth pictures! View 21 Under 21 Studio pictures! 2025 was an incredible year for Youth Ottawa! After joining the board in early January and discovering the...<\/p><a\n                            href=\"https:\/\/www.youthottawa.ca\/fr\/a-note-from-a-youth-ottawa-board-member-planner-for-this-years-youth-ottawa-events\/\"\n                            class=\"eael-post-elements-readmore-btn\">Lire la suite<\/a><\/div>\n                    <\/div><\/div><\/div>\n        <\/div>\n    <\/article><article class=\"eael-grid-post eael-post-grid-column\" data-id=\"5382\">\n        <div class=\"eael-grid-post-holder\">\n            <div class=\"eael-grid-post-holder-inner\"><div class=\"eael-entry-media\"><div class=\"eael-entry-overlay fade-in\"><i class=\"far fa-newspaper\" aria-hidden=\"true\"><\/i><a href=\"https:\/\/www.youthottawa.ca\/fr\/the-nominations-period-for-21-under-21-has-begun\/\"><\/a><\/div><div class=\"eael-entry-thumbnail\">\n                <img loading=\"lazy\" decoding=\"async\" width=\"2000\" height=\"1200\" src=\"https:\/\/www.youthottawa.ca\/wp-content\/uploads\/2025\/02\/DSC01436-2000x1200.jpg\" class=\"attachment-twentyseventeen-featured-image size-twentyseventeen-featured-image wp-image-4185\" alt=\"\" srcset=\"https:\/\/www.youthottawa.ca\/wp-content\/uploads\/2025\/02\/DSC01436-2000x1200.jpg 2000w, https:\/\/www.youthottawa.ca\/wp-content\/uploads\/2025\/02\/DSC01436-18x12.jpg 18w\" sizes=\"auto, 100vw\" \/>\n            <\/div>\n        <\/div><div class=\"eael-entry-wrapper\"><header class=\"eael-entry-header\"><h2 class=\"eael-entry-title\"><a\n                        class=\"eael-grid-post-link\"\n                        href=\"https:\/\/www.youthottawa.ca\/fr\/the-nominations-period-for-21-under-21-has-begun\/\"\n                        title=\"The Nominations Period for 21 Under 21 Has Begun!\">The Nominations Period for 21 Under 21 Has Begun!<\/a><\/h2><\/header><div class=\"eael-entry-content\">\n                        <div class=\"eael-grid-post-excerpt\"><p>The Nominations Period for the 21 Under 21 Awards Gala has Begun! February 2026 to June 2026 is the open period to nominate a youth for the 2026 edition of...<\/p><a\n                            href=\"https:\/\/www.youthottawa.ca\/fr\/the-nominations-period-for-21-under-21-has-begun\/\"\n                            class=\"eael-post-elements-readmore-btn\">Lire la suite<\/a><\/div>\n                    <\/div><\/div><\/div>\n        <\/div>\n    <\/article><article class=\"eael-grid-post eael-post-grid-column\" data-id=\"5165\">\n        <div class=\"eael-grid-post-holder\">\n            <div class=\"eael-grid-post-holder-inner\"><div class=\"eael-entry-media\"><div class=\"eael-entry-overlay fade-in\"><i class=\"far fa-newspaper\" aria-hidden=\"true\"><\/i><a href=\"https:\/\/www.youthottawa.ca\/fr\/introducing-youth-ottawas-2025-gratitude-impact-report\/\"><\/a><\/div><div class=\"eael-entry-thumbnail\">\n                <img loading=\"lazy\" decoding=\"async\" width=\"1000\" height=\"562\" src=\"https:\/\/www.youthottawa.ca\/wp-content\/uploads\/2019\/07\/postOYEC1.jpg\" class=\"attachment-twentyseventeen-featured-image size-twentyseventeen-featured-image wp-image-1168\" alt=\"\" srcset=\"https:\/\/www.youthottawa.ca\/wp-content\/uploads\/2019\/07\/postOYEC1.jpg 1000w, https:\/\/www.youthottawa.ca\/wp-content\/uploads\/2019\/07\/postOYEC1-300x169.jpg 300w, https:\/\/www.youthottawa.ca\/wp-content\/uploads\/2019\/07\/postOYEC1-768x432.jpg 768w\" sizes=\"auto, 100vw\" \/>\n            <\/div>\n        <\/div><div class=\"eael-entry-wrapper\"><header class=\"eael-entry-header\"><h2 class=\"eael-entry-title\"><a\n                        class=\"eael-grid-post-link\"\n                        href=\"https:\/\/www.youthottawa.ca\/fr\/introducing-youth-ottawas-2025-gratitude-impact-report\/\"\n                        title=\"Introducing Youth Ottawa\u2019s 2025 Gratitude &#038; Impact Report\">Introducing Youth Ottawa\u2019s 2025 Gratitude &#038; Impact Report<\/a><\/h2><\/header><div class=\"eael-entry-content\">\n                        <div class=\"eael-grid-post-excerpt\"><p>From Band-Aids to Blueprints: Youth Ottawa\u2019s 2025 Gratitude &#038; Impact Report As we close out another remarkable year, we\u2019re proud to share\u00a0Youth Ottawa\u2019s 2025 Gratitude &amp; Impact Report\u2014a transparent look...<\/p><a\n                            href=\"https:\/\/www.youthottawa.ca\/fr\/introducing-youth-ottawas-2025-gratitude-impact-report\/\"\n                            class=\"eael-post-elements-readmore-btn\">Lire la suite<\/a><\/div>\n                    <\/div><\/div><\/div>\n        <\/div>\n    <\/article><article class=\"eael-grid-post eael-post-grid-column\" data-id=\"5128\">\n        <div class=\"eael-grid-post-holder\">\n            <div class=\"eael-grid-post-holder-inner\"><div class=\"eael-entry-media\"><div class=\"eael-entry-overlay fade-in\"><i class=\"far fa-newspaper\" aria-hidden=\"true\"><\/i><a href=\"https:\/\/www.youthottawa.ca\/fr\/youth-ottawa-annual-general-meeting\/\"><\/a><\/div><div class=\"eael-entry-thumbnail\">\n                <img loading=\"lazy\" decoding=\"async\" width=\"862\" height=\"485\" src=\"https:\/\/www.youthottawa.ca\/wp-content\/uploads\/2025\/12\/AGM-2023.png\" class=\"attachment-twentyseventeen-featured-image size-twentyseventeen-featured-image wp-image-5129\" alt=\"\" srcset=\"https:\/\/www.youthottawa.ca\/wp-content\/uploads\/2025\/12\/AGM-2023.png 862w, https:\/\/www.youthottawa.ca\/wp-content\/uploads\/2025\/12\/AGM-2023-300x169.png 300w, https:\/\/www.youthottawa.ca\/wp-content\/uploads\/2025\/12\/AGM-2023-768x432.png 768w, https:\/\/www.youthottawa.ca\/wp-content\/uploads\/2025\/12\/AGM-2023-18x10.png 18w\" sizes=\"auto, 100vw\" \/>\n            <\/div>\n        <\/div><div class=\"eael-entry-wrapper\"><header class=\"eael-entry-header\"><h2 class=\"eael-entry-title\"><a\n                        class=\"eael-grid-post-link\"\n                        href=\"https:\/\/www.youthottawa.ca\/fr\/youth-ottawa-annual-general-meeting\/\"\n                        title=\"Youth Ottawa Annual General Meeting\">Youth Ottawa Annual General Meeting<\/a><\/h2><\/header><div class=\"eael-entry-content\">\n                        <div class=\"eael-grid-post-excerpt\"><p>Youth Ottawa is pleased to invite community members, partners, and supporters to our Annual General Meeting on Tuesday evening from 6:00 PM to 7:00 PM at the Nepean Creative Arts...<\/p><a\n                            href=\"https:\/\/www.youthottawa.ca\/fr\/youth-ottawa-annual-general-meeting\/\"\n                            class=\"eael-post-elements-readmore-btn\">Lire la suite<\/a><\/div>\n                    <\/div><\/div><\/div>\n        <\/div>\n    <\/article><article class=\"eael-grid-post eael-post-grid-column\" data-id=\"5115\">\n        <div class=\"eael-grid-post-holder\">\n            <div class=\"eael-grid-post-holder-inner\"><div class=\"eael-entry-media\"><div class=\"eael-entry-overlay fade-in\"><i class=\"far fa-newspaper\" aria-hidden=\"true\"><\/i><a href=\"https:\/\/www.youthottawa.ca\/fr\/2025-giving-tuesday-come-play\/\"><\/a><\/div><div class=\"eael-entry-thumbnail\">\n                <img loading=\"lazy\" decoding=\"async\" width=\"1684\" height=\"942\" src=\"https:\/\/www.youthottawa.ca\/wp-content\/uploads\/2025\/11\/Screen-Shot-2025-11-26-at-10.01.47-AM.png\" class=\"attachment-twentyseventeen-featured-image size-twentyseventeen-featured-image wp-image-5116\" alt=\"\" srcset=\"https:\/\/www.youthottawa.ca\/wp-content\/uploads\/2025\/11\/Screen-Shot-2025-11-26-at-10.01.47-AM.png 1684w, https:\/\/www.youthottawa.ca\/wp-content\/uploads\/2025\/11\/Screen-Shot-2025-11-26-at-10.01.47-AM-300x168.png 300w, https:\/\/www.youthottawa.ca\/wp-content\/uploads\/2025\/11\/Screen-Shot-2025-11-26-at-10.01.47-AM-1024x573.png 1024w, https:\/\/www.youthottawa.ca\/wp-content\/uploads\/2025\/11\/Screen-Shot-2025-11-26-at-10.01.47-AM-768x430.png 768w, https:\/\/www.youthottawa.ca\/wp-content\/uploads\/2025\/11\/Screen-Shot-2025-11-26-at-10.01.47-AM-1536x859.png 1536w, https:\/\/www.youthottawa.ca\/wp-content\/uploads\/2025\/11\/Screen-Shot-2025-11-26-at-10.01.47-AM-18x10.png 18w\" sizes=\"auto, 100vw\" \/>\n            <\/div>\n        <\/div><div class=\"eael-entry-wrapper\"><header class=\"eael-entry-header\"><h2 class=\"eael-entry-title\"><a\n                        class=\"eael-grid-post-link\"\n                        href=\"https:\/\/www.youthottawa.ca\/fr\/2025-giving-tuesday-come-play\/\"\n                        title=\"\ud83c\udf81 Giving Tuesday 2025: Come Play for a Purpose\">\ud83c\udf81 Giving Tuesday 2025: Come Play for a Purpose<\/a><\/h2><\/header><div class=\"eael-entry-content\">\n                        <div class=\"eael-grid-post-excerpt\"><p>Join Youth Ottawa\u2019s City-Wide Trivia Showdown \u2014 Friday, December 5th (12\u20131PM)<\/p><a\n                            href=\"https:\/\/www.youthottawa.ca\/fr\/2025-giving-tuesday-come-play\/\"\n                            class=\"eael-post-elements-readmore-btn\">Lire la suite<\/a><\/div>\n                    <\/div><\/div><\/div>\n        <\/div>\n    <\/article><article class=\"eael-grid-post eael-post-grid-column\" data-id=\"4413\">\n        <div class=\"eael-grid-post-holder\">\n            <div class=\"eael-grid-post-holder-inner\"><div class=\"eael-entry-media\"><div class=\"eael-entry-overlay fade-in\"><i class=\"far fa-newspaper\" aria-hidden=\"true\"><\/i><a href=\"https:\/\/www.youthottawa.ca\/fr\/celebrating-the-rbc-21-under-21-award-winners-meet-the-young-leaders-shaping-our-future\/\"><\/a><\/div><div class=\"eael-entry-thumbnail\">\n                <img loading=\"lazy\" decoding=\"async\" width=\"2000\" height=\"1200\" src=\"https:\/\/www.youthottawa.ca\/wp-content\/uploads\/2025\/06\/Banner_21U21-2-2000x1200.png\" class=\"attachment-twentyseventeen-featured-image size-twentyseventeen-featured-image wp-image-4351\" alt=\"\" srcset=\"https:\/\/www.youthottawa.ca\/wp-content\/uploads\/2025\/06\/Banner_21U21-2-2000x1200.png 2000w, https:\/\/www.youthottawa.ca\/wp-content\/uploads\/2025\/06\/Banner_21U21-2-18x10.png 18w\" sizes=\"auto, 100vw\" \/>\n            <\/div>\n        <\/div><div class=\"eael-entry-wrapper\"><header class=\"eael-entry-header\"><h2 class=\"eael-entry-title\"><a\n                        class=\"eael-grid-post-link\"\n                        href=\"https:\/\/www.youthottawa.ca\/fr\/celebrating-the-rbc-21-under-21-award-winners-meet-the-young-leaders-shaping-our-future\/\"\n                        title=\"C\u00e9l\u00e9bration des laur\u00e9ats des prix RBC 21 Sous 21 : Rencontrez les jeunes leaders qui fa\u00e7onnent notre avenir.\">C\u00e9l\u00e9bration des laur\u00e9ats des prix RBC 21 Sous 21 : Rencontrez les jeunes leaders qui fa\u00e7onnent notre avenir.<\/a><\/h2><\/header><div class=\"eael-entry-content\">\n                        <div class=\"eael-grid-post-excerpt\"><p>Pr\u00e9sentation des 21 jeunes remarquables s\u00e9lectionn\u00e9s pour les prix 21 Under 21 de cette ann\u00e9e. Ces individus inspirants sont reconnus pour leurs contributions exceptionnelles \u00e0 leur...<\/p><a\n                            href=\"https:\/\/www.youthottawa.ca\/fr\/celebrating-the-rbc-21-under-21-award-winners-meet-the-young-leaders-shaping-our-future\/\"\n                            class=\"eael-post-elements-readmore-btn\">Lire la suite<\/a><\/div>\n                    <\/div><\/div><\/div>\n        <\/div>\n    <\/article><article class=\"eael-grid-post eael-post-grid-column\" data-id=\"4338\">\n        <div class=\"eael-grid-post-holder\">\n            <div class=\"eael-grid-post-holder-inner\"><div class=\"eael-entry-media\"><div class=\"eael-entry-overlay fade-in\"><i class=\"far fa-newspaper\" aria-hidden=\"true\"><\/i><a href=\"https:\/\/www.youthottawa.ca\/fr\/25-years-of-swings-smiles-play-sponsor-support-youth-ottawa\/\"><\/a><\/div><div class=\"eael-entry-thumbnail\">\n                <img loading=\"lazy\" decoding=\"async\" width=\"1800\" height=\"1200\" src=\"https:\/\/www.youthottawa.ca\/wp-content\/uploads\/2025\/06\/2024-08-15-youth-ottawa-golf-tournament-135-scaled.jpg\" class=\"attachment-twentyseventeen-featured-image size-twentyseventeen-featured-image wp-image-4343\" alt=\"\" srcset=\"https:\/\/www.youthottawa.ca\/wp-content\/uploads\/2025\/06\/2024-08-15-youth-ottawa-golf-tournament-135-scaled.jpg 2560w, https:\/\/www.youthottawa.ca\/wp-content\/uploads\/2025\/06\/2024-08-15-youth-ottawa-golf-tournament-135-300x200.jpg 300w, https:\/\/www.youthottawa.ca\/wp-content\/uploads\/2025\/06\/2024-08-15-youth-ottawa-golf-tournament-135-1024x683.jpg 1024w, https:\/\/www.youthottawa.ca\/wp-content\/uploads\/2025\/06\/2024-08-15-youth-ottawa-golf-tournament-135-768x512.jpg 768w, https:\/\/www.youthottawa.ca\/wp-content\/uploads\/2025\/06\/2024-08-15-youth-ottawa-golf-tournament-135-1536x1024.jpg 1536w, https:\/\/www.youthottawa.ca\/wp-content\/uploads\/2025\/06\/2024-08-15-youth-ottawa-golf-tournament-135-2048x1366.jpg 2048w, https:\/\/www.youthottawa.ca\/wp-content\/uploads\/2025\/06\/2024-08-15-youth-ottawa-golf-tournament-135-18x12.jpg 18w\" sizes=\"auto, 100vw\" \/>\n            <\/div>\n        <\/div><div class=\"eael-entry-wrapper\"><header class=\"eael-entry-header\"><h2 class=\"eael-entry-title\"><a\n                        class=\"eael-grid-post-link\"\n                        href=\"https:\/\/www.youthottawa.ca\/fr\/25-years-of-swings-smiles-play-sponsor-support-youth-ottawa\/\"\n                        title=\"25 Years of Swings &amp; Smiles: Play, Sponsor, Support Youth Ottawa\">25 Years of Swings &amp; Smiles: Play, Sponsor, Support Youth Ottawa<\/a><\/h2><\/header><div class=\"eael-entry-content\">\n                        <div class=\"eael-grid-post-excerpt\"><p>Get ready to tee off for a milestone year! On August 7, 2025, at The Meadows Golf & Country Club, we\u2019ll celebrate the 25th Anniversary of the Mayor\u2019s Charity Golf...<\/p><a\n                            href=\"https:\/\/www.youthottawa.ca\/fr\/25-years-of-swings-smiles-play-sponsor-support-youth-ottawa\/\"\n                            class=\"eael-post-elements-readmore-btn\">Lire la suite<\/a><\/div>\n                    <\/div><\/div><\/div>\n        <\/div>\n    <\/article><article class=\"eael-grid-post eael-post-grid-column\" data-id=\"4330\">\n        <div class=\"eael-grid-post-holder\">\n            <div class=\"eael-grid-post-holder-inner\"><div class=\"eael-entry-media\"><div class=\"eael-entry-overlay fade-in\"><i class=\"far fa-newspaper\" aria-hidden=\"true\"><\/i><a href=\"https:\/\/www.youthottawa.ca\/fr\/t4tforfree\/\"><\/a><\/div><div class=\"eael-entry-thumbnail\">\n                <img loading=\"lazy\" decoding=\"async\" width=\"728\" height=\"408\" src=\"https:\/\/www.youthottawa.ca\/wp-content\/uploads\/2025\/06\/12.webp\" class=\"attachment-twentyseventeen-featured-image size-twentyseventeen-featured-image wp-image-4334\" alt=\"\" srcset=\"https:\/\/www.youthottawa.ca\/wp-content\/uploads\/2025\/06\/12.webp 728w, https:\/\/www.youthottawa.ca\/wp-content\/uploads\/2025\/06\/12-300x168.webp 300w, https:\/\/www.youthottawa.ca\/wp-content\/uploads\/2025\/06\/12-18x10.webp 18w\" sizes=\"auto, 100vw\" \/>\n            <\/div>\n        <\/div><div class=\"eael-entry-wrapper\"><header class=\"eael-entry-header\"><h2 class=\"eael-entry-title\"><a\n                        class=\"eael-grid-post-link\"\n                        href=\"https:\/\/www.youthottawa.ca\/fr\/t4tforfree\/\"\n                        title=\"Trivia For Free\">Trivia For Free<\/a><\/h2><\/header><div class=\"eael-entry-content\">\n                        <div class=\"eael-grid-post-excerpt\"><p>Free Weekly Trivia for Ottawa\u2019s Young Changemakers.<\/p><a\n                            href=\"https:\/\/www.youthottawa.ca\/fr\/t4tforfree\/\"\n                            class=\"eael-post-elements-readmore-btn\">Lire la suite<\/a><\/div>\n                    <\/div><\/div><\/div>\n        <\/div>\n    <\/article><article class=\"eael-grid-post eael-post-grid-column\" data-id=\"4264\">\n        <div class=\"eael-grid-post-holder\">\n            <div class=\"eael-grid-post-holder-inner\"><div class=\"eael-entry-media\"><div class=\"eael-entry-overlay fade-in\"><i class=\"far fa-newspaper\" aria-hidden=\"true\"><\/i><a href=\"https:\/\/www.youthottawa.ca\/fr\/le-retour-des-21-moins-de-21\/\"><\/a><\/div><div class=\"eael-entry-thumbnail\">\n                <img loading=\"lazy\" decoding=\"async\" width=\"2000\" height=\"1200\" src=\"https:\/\/www.youthottawa.ca\/wp-content\/uploads\/2025\/05\/Banner_21U21-1-2000x1200.png\" class=\"attachment-twentyseventeen-featured-image size-twentyseventeen-featured-image wp-image-4324\" alt=\"\" srcset=\"https:\/\/www.youthottawa.ca\/wp-content\/uploads\/2025\/05\/Banner_21U21-1-2000x1200.png 2000w, https:\/\/www.youthottawa.ca\/wp-content\/uploads\/2025\/05\/Banner_21U21-1-18x10.png 18w\" sizes=\"auto, 100vw\" \/>\n            <\/div>\n        <\/div><div class=\"eael-entry-wrapper\"><header class=\"eael-entry-header\"><h2 class=\"eael-entry-title\"><a\n                        class=\"eael-grid-post-link\"\n                        href=\"https:\/\/www.youthottawa.ca\/fr\/le-retour-des-21-moins-de-21\/\"\n                        title=\"The 21 Under 21 Awards is back! \u2013 28 years of Youth Recognition in the making.\">The 21 Under 21 Awards is back! \u2013 28 years of Youth Recognition in the making.<\/a><\/h2><\/header><div class=\"eael-entry-content\">\n                        <div class=\"eael-grid-post-excerpt\"><p>Jeunesse Ottawa et RBC pr\u00e9sentent fi\u00e8rement le Gala des Prix Jeunesse r\u00e9invent\u00e9, un jalon important dans notre c\u00e9l\u00e9bration continue des r\u00e9alisations des jeunes ! Autrefois connu sous le nom de Prix Esprit, cet \u00e9v\u00e9nement...<\/p><a\n                            href=\"https:\/\/www.youthottawa.ca\/fr\/le-retour-des-21-moins-de-21\/\"\n                            class=\"eael-post-elements-readmore-btn\">Lire la suite<\/a><\/div>\n                    <\/div><\/div><\/div>\n        <\/div>\n    <\/article><article class=\"eael-grid-post eael-post-grid-column\" data-id=\"4295\">\n        <div class=\"eael-grid-post-holder\">\n            <div class=\"eael-grid-post-holder-inner\"><div class=\"eael-entry-media\"><div class=\"eael-entry-overlay fade-in\"><i class=\"far fa-newspaper\" aria-hidden=\"true\"><\/i><a href=\"https:\/\/www.youthottawa.ca\/fr\/introducing-trivia-4-tomorrow\/\"><\/a><\/div><div class=\"eael-entry-thumbnail\">\n                <img loading=\"lazy\" decoding=\"async\" width=\"2000\" height=\"1200\" src=\"https:\/\/www.youthottawa.ca\/wp-content\/uploads\/2022\/05\/Banner_Trivia4Tomorrow-3-2000x1200.png\" class=\"attachment-twentyseventeen-featured-image size-twentyseventeen-featured-image wp-image-4315\" alt=\"\" sizes=\"auto, 100vw\" \/>\n            <\/div>\n        <\/div><div class=\"eael-entry-wrapper\"><header class=\"eael-entry-header\"><h2 class=\"eael-entry-title\"><a\n                        class=\"eael-grid-post-link\"\n                        href=\"https:\/\/www.youthottawa.ca\/fr\/introducing-trivia-4-tomorrow\/\"\n                        title=\"Introducing Trivia 4 Tomorrow\">Introducing Trivia 4 Tomorrow<\/a><\/h2><\/header><div class=\"eael-entry-content\">\n                        <div class=\"eael-grid-post-excerpt\"><p>A social enterprise innovation by Youth Ottawa. Where Trivia meets technology, community, and purpose.<\/p><a\n                            href=\"https:\/\/www.youthottawa.ca\/fr\/introducing-trivia-4-tomorrow\/\"\n                            class=\"eael-post-elements-readmore-btn\">Lire la suite<\/a><\/div>\n                    <\/div><\/div><\/div>\n        <\/div>\n    <\/article><article class=\"eael-grid-post eael-post-grid-column\" data-id=\"4246\">\n        <div class=\"eael-grid-post-holder\">\n            <div class=\"eael-grid-post-holder-inner\"><div class=\"eael-entry-media\"><div class=\"eael-entry-overlay fade-in\"><i class=\"far fa-newspaper\" aria-hidden=\"true\"><\/i><a href=\"https:\/\/www.youthottawa.ca\/fr\/2025-youth-leadership-contest\/\"><\/a><\/div><div class=\"eael-entry-thumbnail\">\n                <img loading=\"lazy\" decoding=\"async\" width=\"1600\" height=\"400\" src=\"https:\/\/www.youthottawa.ca\/wp-content\/uploads\/2025\/03\/header-newFRENCH.png\" class=\"attachment-twentyseventeen-featured-image size-twentyseventeen-featured-image wp-image-4247\" alt=\"\" srcset=\"https:\/\/www.youthottawa.ca\/wp-content\/uploads\/2025\/03\/header-newFRENCH.png 1600w, https:\/\/www.youthottawa.ca\/wp-content\/uploads\/2025\/03\/header-newFRENCH-300x75.png 300w, https:\/\/www.youthottawa.ca\/wp-content\/uploads\/2025\/03\/header-newFRENCH-1024x256.png 1024w, https:\/\/www.youthottawa.ca\/wp-content\/uploads\/2025\/03\/header-newFRENCH-768x192.png 768w, https:\/\/www.youthottawa.ca\/wp-content\/uploads\/2025\/03\/header-newFRENCH-1536x384.png 1536w, https:\/\/www.youthottawa.ca\/wp-content\/uploads\/2025\/03\/header-newFRENCH-18x5.png 18w\" sizes=\"auto, 100vw\" \/>\n            <\/div>\n        <\/div><div class=\"eael-entry-wrapper\"><header class=\"eael-entry-header\"><h2 class=\"eael-entry-title\"><a\n                        class=\"eael-grid-post-link\"\n                        href=\"https:\/\/www.youthottawa.ca\/fr\/2025-youth-leadership-contest\/\"\n                        title=\"Concours de leadership jeunesse\">Concours de leadership jeunesse<\/a><\/h2><\/header><div class=\"eael-entry-content\">\n                        <div class=\"eael-grid-post-excerpt\"><p>Applications Now Open! Step into the shoes of a city leader with the Youth Leadership contest! Whether shadowing Mayor Mark Sutcliffe, CEO St\u00e9phane Gigu\u00e8re (Ottawa Community Housing), or Ottawa BlackJacks...<\/p><a\n                            href=\"https:\/\/www.youthottawa.ca\/fr\/2025-youth-leadership-contest\/\"\n                            class=\"eael-post-elements-readmore-btn\">Lire la suite<\/a><\/div>\n                    <\/div><\/div><\/div>\n        <\/div>\n    <\/article><article class=\"eael-grid-post eael-post-grid-column\" data-id=\"4226\">\n        <div class=\"eael-grid-post-holder\">\n            <div class=\"eael-grid-post-holder-inner\"><div class=\"eael-entry-media\"><div class=\"eael-entry-overlay fade-in\"><i class=\"far fa-newspaper\" aria-hidden=\"true\"><\/i><a href=\"https:\/\/www.youthottawa.ca\/fr\/celebrating-black-legacy-gala-2025\/\"><\/a><\/div><div class=\"eael-entry-thumbnail\">\n                <img loading=\"lazy\" decoding=\"async\" width=\"2000\" height=\"1200\" src=\"https:\/\/www.youthottawa.ca\/wp-content\/uploads\/2025\/03\/BHMGala-002-2000x1200.jpg\" class=\"attachment-twentyseventeen-featured-image size-twentyseventeen-featured-image wp-image-4227\" alt=\"\" srcset=\"https:\/\/www.youthottawa.ca\/wp-content\/uploads\/2025\/03\/BHMGala-002-2000x1200.jpg 2000w, https:\/\/www.youthottawa.ca\/wp-content\/uploads\/2025\/03\/BHMGala-002-18x12.jpg 18w\" sizes=\"auto, 100vw\" \/>\n            <\/div>\n        <\/div><div class=\"eael-entry-wrapper\"><header class=\"eael-entry-header\"><h2 class=\"eael-entry-title\"><a\n                        class=\"eael-grid-post-link\"\n                        href=\"https:\/\/www.youthottawa.ca\/fr\/celebrating-black-legacy-gala-2025\/\"\n                        title=\"Celebrating Black Excellence: The Black Legacy Gala 2025\">Celebrating Black Excellence: The Black Legacy Gala 2025<\/a><\/h2><\/header><div class=\"eael-entry-content\">\n                        <div class=\"eael-grid-post-excerpt\"><p>The Black Legacy Gala, hosted by Future Paths Network on February 24, 2025, brought together Black youth, community leaders, and allies for a night of empowerment and celebration. We were...<\/p><a\n                            href=\"https:\/\/www.youthottawa.ca\/fr\/celebrating-black-legacy-gala-2025\/\"\n                            class=\"eael-post-elements-readmore-btn\">Lire la suite<\/a><\/div>\n                    <\/div><\/div><\/div>\n        <\/div>\n    <\/article><article class=\"eael-grid-post eael-post-grid-column\" data-id=\"4084\">\n        <div class=\"eael-grid-post-holder\">\n            <div class=\"eael-grid-post-holder-inner\"><div class=\"eael-entry-media\"><div class=\"eael-entry-overlay fade-in\"><i class=\"far fa-newspaper\" aria-hidden=\"true\"><\/i><a href=\"https:\/\/www.youthottawa.ca\/fr\/introducing-the-21under21-award-recipients\/\"><\/a><\/div><div class=\"eael-entry-thumbnail\">\n                <img loading=\"lazy\" decoding=\"async\" width=\"2000\" height=\"1024\" src=\"https:\/\/www.youthottawa.ca\/wp-content\/uploads\/2024\/09\/combined_blog_header2-1-2000x1024.jpg\" class=\"attachment-twentyseventeen-featured-image size-twentyseventeen-featured-image wp-image-4152\" alt=\"\" srcset=\"https:\/\/www.youthottawa.ca\/wp-content\/uploads\/2024\/09\/combined_blog_header2-1-2000x1024.jpg 2000w, https:\/\/www.youthottawa.ca\/wp-content\/uploads\/2024\/09\/combined_blog_header2-1-18x8.jpg 18w\" sizes=\"auto, 100vw\" \/>\n            <\/div>\n        <\/div><div class=\"eael-entry-wrapper\"><header class=\"eael-entry-header\"><h2 class=\"eael-entry-title\"><a\n                        class=\"eael-grid-post-link\"\n                        href=\"https:\/\/www.youthottawa.ca\/fr\/introducing-the-21under21-award-recipients\/\"\n                        title=\"C\u00e9l\u00e9bration des laur\u00e9ats des prix RBC 21 Sous 21 : Rencontrez les jeunes leaders qui fa\u00e7onnent notre avenir.\">C\u00e9l\u00e9bration des laur\u00e9ats des prix RBC 21 Sous 21 : Rencontrez les jeunes leaders qui fa\u00e7onnent notre avenir.<\/a><\/h2><\/header><div class=\"eael-entry-content\">\n                        <div class=\"eael-grid-post-excerpt\"><p>Pr\u00e9sentation des 21 jeunes remarquables s\u00e9lectionn\u00e9s pour les prix 21 Under 21 de cette ann\u00e9e. Ces individus inspirants sont reconnus pour leurs contributions exceptionnelles \u00e0 leur...<\/p><a\n                            href=\"https:\/\/www.youthottawa.ca\/fr\/introducing-the-21under21-award-recipients\/\"\n                            class=\"eael-post-elements-readmore-btn\">Lire la suite<\/a><\/div>\n                    <\/div><\/div><\/div>\n        <\/div>\n    <\/article><article class=\"eael-grid-post eael-post-grid-column\" data-id=\"4060\">\n        <div class=\"eael-grid-post-holder\">\n            <div class=\"eael-grid-post-holder-inner\"><div class=\"eael-entry-media\"><div class=\"eael-entry-overlay fade-in\"><i class=\"far fa-newspaper\" aria-hidden=\"true\"><\/i><a href=\"https:\/\/www.youthottawa.ca\/fr\/21-under-21-awards\/\"><\/a><\/div><div class=\"eael-entry-thumbnail\">\n                <img loading=\"lazy\" decoding=\"async\" width=\"2000\" height=\"1080\" src=\"https:\/\/www.youthottawa.ca\/wp-content\/uploads\/2024\/05\/YO_21U21_EventBright_2160x1080_FR_v2.jpg\" class=\"attachment-twentyseventeen-featured-image size-twentyseventeen-featured-image wp-image-4064\" alt=\"\" srcset=\"https:\/\/www.youthottawa.ca\/wp-content\/uploads\/2024\/05\/YO_21U21_EventBright_2160x1080_FR_v2.jpg 2160w, https:\/\/www.youthottawa.ca\/wp-content\/uploads\/2024\/05\/YO_21U21_EventBright_2160x1080_FR_v2-300x150.jpg 300w, https:\/\/www.youthottawa.ca\/wp-content\/uploads\/2024\/05\/YO_21U21_EventBright_2160x1080_FR_v2-1024x512.jpg 1024w, https:\/\/www.youthottawa.ca\/wp-content\/uploads\/2024\/05\/YO_21U21_EventBright_2160x1080_FR_v2-768x384.jpg 768w, https:\/\/www.youthottawa.ca\/wp-content\/uploads\/2024\/05\/YO_21U21_EventBright_2160x1080_FR_v2-1536x768.jpg 1536w, https:\/\/www.youthottawa.ca\/wp-content\/uploads\/2024\/05\/YO_21U21_EventBright_2160x1080_FR_v2-2048x1024.jpg 2048w, https:\/\/www.youthottawa.ca\/wp-content\/uploads\/2024\/05\/YO_21U21_EventBright_2160x1080_FR_v2-18x9.jpg 18w\" sizes=\"auto, 100vw\" \/>\n            <\/div>\n        <\/div><div class=\"eael-entry-wrapper\"><header class=\"eael-entry-header\"><h2 class=\"eael-entry-title\"><a\n                        class=\"eael-grid-post-link\"\n                        href=\"https:\/\/www.youthottawa.ca\/fr\/21-under-21-awards\/\"\n                        title=\"Pr\u00e9sentation des prix 21 Sous 21 \u2013 Un nouveau chapitre pour la reconnaissance des jeunes.\">Pr\u00e9sentation des prix 21 Sous 21 \u2013 Un nouveau chapitre pour la reconnaissance des jeunes.<\/a><\/h2><\/header><div class=\"eael-entry-content\">\n                        <div class=\"eael-grid-post-excerpt\"><p>Jeunesse Ottawa et RBC pr\u00e9sentent fi\u00e8rement le Gala des Prix Jeunesse r\u00e9invent\u00e9, un jalon important dans notre c\u00e9l\u00e9bration continue des r\u00e9alisations des jeunes ! Autrefois connu sous le nom de Prix Esprit, cet \u00e9v\u00e9nement...<\/p><a\n                            href=\"https:\/\/www.youthottawa.ca\/fr\/21-under-21-awards\/\"\n                            class=\"eael-post-elements-readmore-btn\">Lire la suite<\/a><\/div>\n                    <\/div><\/div><\/div>\n        <\/div>\n    <\/article><article class=\"eael-grid-post eael-post-grid-column\" data-id=\"4001\">\n        <div class=\"eael-grid-post-holder\">\n            <div class=\"eael-grid-post-holder-inner\"><div class=\"eael-entry-media\"><div class=\"eael-entry-overlay fade-in\"><i class=\"far fa-newspaper\" aria-hidden=\"true\"><\/i><a href=\"https:\/\/www.youthottawa.ca\/fr\/beyond-the-game-a-mission-to-empower-youth-through-community-basketball\/\"><\/a><\/div><div class=\"eael-entry-thumbnail\">\n                <img loading=\"lazy\" decoding=\"async\" width=\"1179\" height=\"784\" src=\"https:\/\/www.youthottawa.ca\/wp-content\/uploads\/2024\/04\/IMG_6271.jpg\" class=\"attachment-twentyseventeen-featured-image size-twentyseventeen-featured-image wp-image-4002\" alt=\"\" srcset=\"https:\/\/www.youthottawa.ca\/wp-content\/uploads\/2024\/04\/IMG_6271.jpg 1179w, https:\/\/www.youthottawa.ca\/wp-content\/uploads\/2024\/04\/IMG_6271-300x199.jpg 300w, https:\/\/www.youthottawa.ca\/wp-content\/uploads\/2024\/04\/IMG_6271-1024x681.jpg 1024w, https:\/\/www.youthottawa.ca\/wp-content\/uploads\/2024\/04\/IMG_6271-768x511.jpg 768w, https:\/\/www.youthottawa.ca\/wp-content\/uploads\/2024\/04\/IMG_6271-18x12.jpg 18w\" sizes=\"auto, 100vw\" \/>\n            <\/div>\n        <\/div><div class=\"eael-entry-wrapper\"><header class=\"eael-entry-header\"><h2 class=\"eael-entry-title\"><a\n                        class=\"eael-grid-post-link\"\n                        href=\"https:\/\/www.youthottawa.ca\/fr\/beyond-the-game-a-mission-to-empower-youth-through-community-basketball\/\"\n                        title=\"Au-del\u00e0 du Jeu : Une mission pour autonomiser les jeunes \u00e0 travers le basketball communautaire.\">Au-del\u00e0 du Jeu : Une mission pour autonomiser les jeunes \u00e0 travers le basketball communautaire.<\/a><\/h2><\/header><div class=\"eael-entry-content\">\n                        <div class=\"eael-grid-post-excerpt\"><p>D\u00e9couvrez comment Youth Night, un programme dirig\u00e9 par l'entra\u00eeneur Will Davenport, autonomise les jeunes d'Overbrook \u00e0 travers le basketball. Malgr\u00e9 son succ\u00e8s, le programme fait face \u00e0 des d\u00e9fis pour r\u00e9pondre \u00e0 la forte demande. Rejoignez-nous...<\/p><a\n                            href=\"https:\/\/www.youthottawa.ca\/fr\/beyond-the-game-a-mission-to-empower-youth-through-community-basketball\/\"\n                            class=\"eael-post-elements-readmore-btn\">Lire la suite<\/a><\/div>\n                    <\/div><\/div><\/div>\n        <\/div>\n    <\/article><article class=\"eael-grid-post eael-post-grid-column\" data-id=\"3985\">\n        <div class=\"eael-grid-post-holder\">\n            <div class=\"eael-grid-post-holder-inner\"><div class=\"eael-entry-media\"><div class=\"eael-entry-overlay fade-in\"><i class=\"far fa-newspaper\" aria-hidden=\"true\"><\/i><a href=\"https:\/\/www.youthottawa.ca\/fr\/2024-mayor-for-a-day-contest\/\"><\/a><\/div><div class=\"eael-entry-thumbnail\">\n                <img loading=\"lazy\" decoding=\"async\" width=\"1200\" height=\"630\" src=\"https:\/\/www.youthottawa.ca\/wp-content\/uploads\/2024\/03\/Copy-of-FB-Spirit-English-5.png\" class=\"attachment-twentyseventeen-featured-image size-twentyseventeen-featured-image wp-image-3993\" alt=\"\" srcset=\"https:\/\/www.youthottawa.ca\/wp-content\/uploads\/2024\/03\/Copy-of-FB-Spirit-English-5.png 1200w, https:\/\/www.youthottawa.ca\/wp-content\/uploads\/2024\/03\/Copy-of-FB-Spirit-English-5-300x158.png 300w, https:\/\/www.youthottawa.ca\/wp-content\/uploads\/2024\/03\/Copy-of-FB-Spirit-English-5-1024x538.png 1024w, https:\/\/www.youthottawa.ca\/wp-content\/uploads\/2024\/03\/Copy-of-FB-Spirit-English-5-768x403.png 768w, https:\/\/www.youthottawa.ca\/wp-content\/uploads\/2024\/03\/Copy-of-FB-Spirit-English-5-18x9.png 18w\" sizes=\"auto, 100vw\" \/>\n            <\/div>\n        <\/div><div class=\"eael-entry-wrapper\"><header class=\"eael-entry-header\"><h2 class=\"eael-entry-title\"><a\n                        class=\"eael-grid-post-link\"\n                        href=\"https:\/\/www.youthottawa.ca\/fr\/2024-mayor-for-a-day-contest\/\"\n                        title=\"Concours Maire d&#039;un Jour 2024\">Concours Maire d'un Jour 2024<\/a><\/h2><\/header><div class=\"eael-entry-content\">\n                        <div class=\"eael-grid-post-excerpt\"><p>Youth Ottawa est fier d'organiser le deuxi\u00e8me concours Maire d'un Jour du maire Mark Sutcliffe, en collaboration avec la Ville d'Ottawa et notre Comit\u00e9 d'engagement des jeunes d'Ottawa (OYEC) !<\/p><a\n                            href=\"https:\/\/www.youthottawa.ca\/fr\/2024-mayor-for-a-day-contest\/\"\n                            class=\"eael-post-elements-readmore-btn\">Lire la suite<\/a><\/div>\n                    <\/div><\/div><\/div>\n        <\/div>\n    <\/article><article class=\"eael-grid-post eael-post-grid-column\" data-id=\"3967\">\n        <div class=\"eael-grid-post-holder\">\n            <div class=\"eael-grid-post-holder-inner\"><div class=\"eael-entry-media\"><div class=\"eael-entry-overlay fade-in\"><i class=\"far fa-newspaper\" aria-hidden=\"true\"><\/i><a href=\"https:\/\/www.youthottawa.ca\/fr\/leading-the-way-exploring-ottawa-organizations-empowering-black-youth\/\"><\/a><\/div><div class=\"eael-entry-thumbnail\">\n                <img loading=\"lazy\" decoding=\"async\" width=\"2000\" height=\"1143\" src=\"https:\/\/www.youthottawa.ca\/wp-content\/uploads\/2024\/02\/AdobeStock_689190839.jpeg\" class=\"attachment-twentyseventeen-featured-image size-twentyseventeen-featured-image wp-image-3968\" alt=\"\" srcset=\"https:\/\/www.youthottawa.ca\/wp-content\/uploads\/2024\/02\/AdobeStock_689190839.jpeg 8000w, https:\/\/www.youthottawa.ca\/wp-content\/uploads\/2024\/02\/AdobeStock_689190839-300x171.jpeg 300w, https:\/\/www.youthottawa.ca\/wp-content\/uploads\/2024\/02\/AdobeStock_689190839-1024x585.jpeg 1024w, https:\/\/www.youthottawa.ca\/wp-content\/uploads\/2024\/02\/AdobeStock_689190839-768x439.jpeg 768w, https:\/\/www.youthottawa.ca\/wp-content\/uploads\/2024\/02\/AdobeStock_689190839-1536x878.jpeg 1536w, https:\/\/www.youthottawa.ca\/wp-content\/uploads\/2024\/02\/AdobeStock_689190839-2048x1170.jpeg 2048w, https:\/\/www.youthottawa.ca\/wp-content\/uploads\/2024\/02\/AdobeStock_689190839-18x10.jpeg 18w\" sizes=\"auto, 100vw\" \/>\n            <\/div>\n        <\/div><div class=\"eael-entry-wrapper\"><header class=\"eael-entry-header\"><h2 class=\"eael-entry-title\"><a\n                        class=\"eael-grid-post-link\"\n                        href=\"https:\/\/www.youthottawa.ca\/fr\/leading-the-way-exploring-ottawa-organizations-empowering-black-youth\/\"\n                        title=\"Leading the Way: Exploring Ottawa Organizations Empowering Black Youth\">Leading the Way: Exploring Ottawa Organizations Empowering Black Youth<\/a><\/h2><\/header><div class=\"eael-entry-content\">\n                        <div class=\"eael-grid-post-excerpt\"><p>This month, we're spotlighting segment of Ottawa's network of organizations, all devoted to empowering and supporting black youth. These committed groups offer a diverse range of resources, including education, entrepreneurial...<\/p><a\n                            href=\"https:\/\/www.youthottawa.ca\/fr\/leading-the-way-exploring-ottawa-organizations-empowering-black-youth\/\"\n                            class=\"eael-post-elements-readmore-btn\">Lire la suite<\/a><\/div>\n                    <\/div><\/div><\/div>\n        <\/div>\n    <\/article><article class=\"eael-grid-post eael-post-grid-column\" data-id=\"3915\">\n        <div class=\"eael-grid-post-holder\">\n            <div class=\"eael-grid-post-holder-inner\"><div class=\"eael-entry-wrapper\"><header class=\"eael-entry-header\"><h2 class=\"eael-entry-title\"><a\n                        class=\"eael-grid-post-link\"\n                        href=\"https:\/\/www.youthottawa.ca\/fr\/keeping-up-with-entrepreneurship\/\"\n                        title=\"Keeping up with Entrepreneurship: Q&#038;A with Wendley Pierre\">Keeping up with Entrepreneurship: Q&#038;A with Wendley Pierre<\/a><\/h2><\/header><div class=\"eael-entry-content\">\n                        <div class=\"eael-grid-post-excerpt\"><p>We had a chance to chat with Wendley as he takes us behind the lens of his experiences, and offers insights into the life of a young entrepreneur.<\/p><a\n                            href=\"https:\/\/www.youthottawa.ca\/fr\/keeping-up-with-entrepreneurship\/\"\n                            class=\"eael-post-elements-readmore-btn\">Lire la suite<\/a><\/div>\n                    <\/div><\/div><\/div>\n        <\/div>\n    <\/article><article class=\"eael-grid-post eael-post-grid-column\" data-id=\"4346\">\n        <div class=\"eael-grid-post-holder\">\n            <div class=\"eael-grid-post-holder-inner\"><div class=\"eael-entry-media\"><div class=\"eael-entry-overlay fade-in\"><i class=\"far fa-newspaper\" aria-hidden=\"true\"><\/i><a href=\"https:\/\/www.youthottawa.ca\/fr\/%f0%9f%99%8c-merci-encore-de-votre-participation\/\"><\/a><\/div><div class=\"eael-entry-thumbnail\">\n                <img loading=\"lazy\" decoding=\"async\" width=\"728\" height=\"408\" src=\"https:\/\/www.youthottawa.ca\/wp-content\/uploads\/2025\/06\/12.webp\" class=\"attachment-twentyseventeen-featured-image size-twentyseventeen-featured-image wp-image-4334\" alt=\"\" srcset=\"https:\/\/www.youthottawa.ca\/wp-content\/uploads\/2025\/06\/12.webp 728w, https:\/\/www.youthottawa.ca\/wp-content\/uploads\/2025\/06\/12-300x168.webp 300w, https:\/\/www.youthottawa.ca\/wp-content\/uploads\/2025\/06\/12-18x10.webp 18w\" sizes=\"auto, 100vw\" \/>\n            <\/div>\n        <\/div><div class=\"eael-entry-wrapper\"><header class=\"eael-entry-header\"><h2 class=\"eael-entry-title\"><a\n                        class=\"eael-grid-post-link\"\n                        href=\"https:\/\/www.youthottawa.ca\/fr\/%f0%9f%99%8c-merci-encore-de-votre-participation\/\"\n                        title=\"\ud83c\udf89 Merci d\u2019avoir jou\u00e9 !\">\ud83c\udf89 Merci d\u2019avoir jou\u00e9 !<\/a><\/h2><\/header><div class=\"eael-entry-content\">\n                        <div class=\"eael-grid-post-excerpt\"><p>You just turned 45 minutes of fun into real community impact.<\/p><a\n                            href=\"https:\/\/www.youthottawa.ca\/fr\/%f0%9f%99%8c-merci-encore-de-votre-participation\/\"\n                            class=\"eael-post-elements-readmore-btn\">Lire la suite<\/a><\/div>\n                    <\/div><\/div><\/div>\n        <\/div>\n    <\/article><article class=\"eael-grid-post eael-post-grid-column\" data-id=\"3826\">\n        <div class=\"eael-grid-post-holder\">\n            <div class=\"eael-grid-post-holder-inner\"><div class=\"eael-entry-media\"><div class=\"eael-entry-overlay fade-in\"><i class=\"far fa-newspaper\" aria-hidden=\"true\"><\/i><a href=\"https:\/\/www.youthottawa.ca\/fr\/entrepreneurial-spotlight\/\"><\/a><\/div><div class=\"eael-entry-thumbnail\">\n                <img loading=\"lazy\" decoding=\"async\" width=\"2000\" height=\"1200\" src=\"https:\/\/www.youthottawa.ca\/wp-content\/uploads\/2023\/11\/hotshoecover-2000x1200.jpeg\" class=\"attachment-twentyseventeen-featured-image size-twentyseventeen-featured-image wp-image-3828\" alt=\"\" srcset=\"https:\/\/www.youthottawa.ca\/wp-content\/uploads\/2023\/11\/hotshoecover-2000x1200.jpeg 2000w, https:\/\/www.youthottawa.ca\/wp-content\/uploads\/2023\/11\/hotshoecover-18x12.jpeg 18w\" sizes=\"auto, 100vw\" \/>\n            <\/div>\n        <\/div><div class=\"eael-entry-wrapper\"><header class=\"eael-entry-header\"><h2 class=\"eael-entry-title\"><a\n                        class=\"eael-grid-post-link\"\n                        href=\"https:\/\/www.youthottawa.ca\/fr\/entrepreneurial-spotlight\/\"\n                        title=\"\u00a0Entrepreneurial Spotlight: Lights, Camera, Action with Hot Shoe Productions.\">\u00a0Entrepreneurial Spotlight: Lights, Camera, Action with Hot Shoe Productions.<\/a><\/h2><\/header><div class=\"eael-entry-content\">\n                        <div class=\"eael-grid-post-excerpt\"><p>Introducing Hot Shoe Productions \u2013 a dynamic film production company led entirely by passionate young entrepreneurs! Learn all about how their social enterprise is supporting positive change in the community.<\/p><a\n                            href=\"https:\/\/www.youthottawa.ca\/fr\/entrepreneurial-spotlight\/\"\n                            class=\"eael-post-elements-readmore-btn\">Lire la suite<\/a><\/div>\n                    <\/div><\/div><\/div>\n        <\/div>\n    <\/article><article class=\"eael-grid-post eael-post-grid-column\" data-id=\"3756\">\n        <div class=\"eael-grid-post-holder\">\n            <div class=\"eael-grid-post-holder-inner\"><div class=\"eael-entry-media\"><div class=\"eael-entry-overlay fade-in\"><i class=\"far fa-newspaper\" aria-hidden=\"true\"><\/i><a href=\"https:\/\/www.youthottawa.ca\/fr\/oyec-initiatives\/\"><\/a><\/div><div class=\"eael-entry-thumbnail\">\n                <img loading=\"lazy\" decoding=\"async\" width=\"2000\" height=\"1200\" src=\"https:\/\/www.youthottawa.ca\/wp-content\/uploads\/2023\/09\/IMG_2338-2000x1200.jpg\" class=\"attachment-twentyseventeen-featured-image size-twentyseventeen-featured-image wp-image-3760\" alt=\"\" sizes=\"auto, 100vw\" \/>\n            <\/div>\n        <\/div><div class=\"eael-entry-wrapper\"><header class=\"eael-entry-header\"><h2 class=\"eael-entry-title\"><a\n                        class=\"eael-grid-post-link\"\n                        href=\"https:\/\/www.youthottawa.ca\/fr\/oyec-initiatives\/\"\n                        title=\"Explorez les initiatives percutantes du Comit\u00e9 d&#039;engagement des jeunes d&#039;Ottawa.\">Explorez les initiatives percutantes du Comit\u00e9 d'engagement des jeunes d'Ottawa.<\/a><\/h2><\/header><div class=\"eael-entry-content\">\n                        <div class=\"eael-grid-post-excerpt\"><p>Familiarisez-vous avec le travail du Comit\u00e9 d'engagement des jeunes d'Ottawa. Un groupe de jeunes b\u00e2tisseurs communautaires collaborant avec la Ville d'Ottawa pour influencer...<\/p><a\n                            href=\"https:\/\/www.youthottawa.ca\/fr\/oyec-initiatives\/\"\n                            class=\"eael-post-elements-readmore-btn\">Lire la suite<\/a><\/div>\n                    <\/div><\/div><\/div>\n        <\/div>\n    <\/article><article class=\"eael-grid-post eael-post-grid-column\" data-id=\"3745\">\n        <div class=\"eael-grid-post-holder\">\n            <div class=\"eael-grid-post-holder-inner\"><div class=\"eael-entry-media\"><div class=\"eael-entry-overlay fade-in\"><i class=\"far fa-newspaper\" aria-hidden=\"true\"><\/i><a href=\"https:\/\/www.youthottawa.ca\/fr\/igniting-creativity\/\"><\/a><\/div><div class=\"eael-entry-thumbnail\">\n                <img loading=\"lazy\" decoding=\"async\" width=\"2000\" height=\"1200\" src=\"https:\/\/www.youthottawa.ca\/wp-content\/uploads\/2023\/07\/DSCF3557-2000x1200.jpg\" class=\"attachment-twentyseventeen-featured-image size-twentyseventeen-featured-image wp-image-3746\" alt=\"\" srcset=\"https:\/\/www.youthottawa.ca\/wp-content\/uploads\/2023\/07\/DSCF3557-2000x1200.jpg 2000w, https:\/\/www.youthottawa.ca\/wp-content\/uploads\/2023\/07\/DSCF3557-18x12.jpg 18w\" sizes=\"auto, 100vw\" \/>\n            <\/div>\n        <\/div><div class=\"eael-entry-wrapper\"><header class=\"eael-entry-header\"><h2 class=\"eael-entry-title\"><a\n                        class=\"eael-grid-post-link\"\n                        href=\"https:\/\/www.youthottawa.ca\/fr\/igniting-creativity\/\"\n                        title=\"Igniting Creativity: How Ottawa&#8217;s Media Partnership Team is Transforming the City&#8217;s Creative Landscape\">Enflammer la cr\u00e9ativit\u00e9 : Comment l'\u00e9quipe de partenariat m\u00e9dia d'Ottawa transforme le paysage cr\u00e9atif de la ville<\/a><\/h2><\/header><div class=\"eael-entry-content\">\n                        <div class=\"eael-grid-post-excerpt\"><p>D\u00e9couvrez le voyage transformateur qui fa\u00e7onne la sc\u00e8ne cr\u00e9ative d'Ottawa ! Rejoignez l'\u00e9quipe de partenariat inspirante de Youth Ottawa, Hot Shoe Productions, l'Ottawa Film Office, REEL CANADA, et...<\/p><a\n                            href=\"https:\/\/www.youthottawa.ca\/fr\/igniting-creativity\/\"\n                            class=\"eael-post-elements-readmore-btn\">Lire la suite<\/a><\/div>\n                    <\/div><\/div><\/div>\n        <\/div>\n    <\/article><article class=\"eael-grid-post eael-post-grid-column\" data-id=\"3735\">\n        <div class=\"eael-grid-post-holder\">\n            <div class=\"eael-grid-post-holder-inner\"><div class=\"eael-entry-media\"><div class=\"eael-entry-overlay fade-in\"><i class=\"far fa-newspaper\" aria-hidden=\"true\"><\/i><a href=\"https:\/\/www.youthottawa.ca\/fr\/2023-summer-amplified-cohort\/\"><\/a><\/div><div class=\"eael-entry-thumbnail\">\n                <img loading=\"lazy\" decoding=\"async\" width=\"2000\" height=\"1200\" src=\"https:\/\/www.youthottawa.ca\/wp-content\/uploads\/2023\/06\/Spirit-Banner-1-2000x1200.jpg\" class=\"attachment-twentyseventeen-featured-image size-twentyseventeen-featured-image wp-image-3741\" alt=\"\" sizes=\"auto, 100vw\" \/>\n            <\/div>\n        <\/div><div class=\"eael-entry-wrapper\"><header class=\"eael-entry-header\"><h2 class=\"eael-entry-title\"><a\n                        class=\"eael-grid-post-link\"\n                        href=\"https:\/\/www.youthottawa.ca\/fr\/2023-summer-amplified-cohort\/\"\n                        title=\"Rencontrez la cohorte Amplified de l&#039;\u00e9t\u00e9 2023\">Rencontrez la cohorte Amplified de l'\u00e9t\u00e9 2023<\/a><\/h2><\/header><div class=\"eael-entry-content\">\n                        <div class=\"eael-grid-post-excerpt\"><p>Nous sommes ravis de vous pr\u00e9senter Ben et Sallysha, deux boursiers inspirants de notre cohorte 2023, et de faire la lumi\u00e8re sur leurs projets remarquables.<\/p><a\n                            href=\"https:\/\/www.youthottawa.ca\/fr\/2023-summer-amplified-cohort\/\"\n                            class=\"eael-post-elements-readmore-btn\">Lire la suite<\/a><\/div>\n                    <\/div><\/div><\/div>\n        <\/div>\n    <\/article><article class=\"eael-grid-post eael-post-grid-column\" data-id=\"3698\">\n        <div class=\"eael-grid-post-holder\">\n            <div class=\"eael-grid-post-holder-inner\"><div class=\"eael-entry-wrapper\"><header class=\"eael-entry-header\"><h2 class=\"eael-entry-title\"><a\n                        class=\"eael-grid-post-link\"\n                        href=\"https:\/\/www.youthottawa.ca\/fr\/rafflelottery\/\"\n                        title=\"Youth Ottawa&#8217;s Raffle Lottery | Supporting Youth Programs\">La loterie par tirage Youth Ottawa | Soutenant les programmes pour les jeunes<\/a><\/h2><\/header><div class=\"eael-entry-content\">\n                        <div class=\"eael-grid-post-excerpt\"><p>Youth Ottawa est ravi d'annoncer notre toute premi\u00e8re lev\u00e9e de fonds en ligne par une loterie 50\/50, qui d\u00e9butera le 1er juin 2023 et se terminera par un tirage le 19 ao\u00fbt, 2023!<\/p><a\n                            href=\"https:\/\/www.youthottawa.ca\/fr\/rafflelottery\/\"\n                            class=\"eael-post-elements-readmore-btn\">Lire la suite<\/a><\/div>\n                    <\/div><\/div><\/div>\n        <\/div>\n    <\/article><article class=\"eael-grid-post eael-post-grid-column\" data-id=\"3711\">\n        <div class=\"eael-grid-post-holder\">\n            <div class=\"eael-grid-post-holder-inner\"><div class=\"eael-entry-media\"><div class=\"eael-entry-overlay fade-in\"><i class=\"far fa-newspaper\" aria-hidden=\"true\"><\/i><a href=\"https:\/\/www.youthottawa.ca\/fr\/summer-amplified-2022\/\"><\/a><\/div><div class=\"eael-entry-thumbnail\">\n                <img loading=\"lazy\" decoding=\"async\" width=\"2000\" height=\"1200\" src=\"https:\/\/www.youthottawa.ca\/wp-content\/uploads\/2023\/06\/kaleidico-26MJGnCM0Wc-unsplash-2000x1200.jpg\" class=\"attachment-twentyseventeen-featured-image size-twentyseventeen-featured-image wp-image-3712\" alt=\"\" srcset=\"https:\/\/www.youthottawa.ca\/wp-content\/uploads\/2023\/06\/kaleidico-26MJGnCM0Wc-unsplash-2000x1200.jpg 2000w, https:\/\/www.youthottawa.ca\/wp-content\/uploads\/2023\/06\/kaleidico-26MJGnCM0Wc-unsplash-18x12.jpg 18w\" sizes=\"auto, 100vw\" \/>\n            <\/div>\n        <\/div><div class=\"eael-entry-wrapper\"><header class=\"eael-entry-header\"><h2 class=\"eael-entry-title\"><a\n                        class=\"eael-grid-post-link\"\n                        href=\"https:\/\/www.youthottawa.ca\/fr\/summer-amplified-2022\/\"\n                        title=\"Renforcement du potentiel des jeunes dans le domaine de l&#039;entrepreneuriat\">Renforcement du potentiel des jeunes dans le domaine de l'entrepreneuriat<\/a><\/h2><\/header><div class=\"eael-entry-content\">\n                        <div class=\"eael-grid-post-excerpt\"><p>Apr\u00e8s une br\u00e8ve interruption de la bourse en raison de la pand\u00e9mie, nous avons accueilli Drayton et Nathan en tant que boursiers d'\u00e9t\u00e9 amplifi\u00e9s en 2022. C'est l'occasion de les rencontrer et de voir ce qu'ils ont fait depuis !<\/p><a\n                            href=\"https:\/\/www.youthottawa.ca\/fr\/summer-amplified-2022\/\"\n                            class=\"eael-post-elements-readmore-btn\">Lire la suite<\/a><\/div>\n                    <\/div><\/div><\/div>\n        <\/div>\n    <\/article><article class=\"eael-grid-post eael-post-grid-column\" data-id=\"3592\">\n        <div class=\"eael-grid-post-holder\">\n            <div class=\"eael-grid-post-holder-inner\"><div class=\"eael-entry-media\"><div class=\"eael-entry-overlay fade-in\"><i class=\"far fa-newspaper\" aria-hidden=\"true\"><\/i><a href=\"https:\/\/www.youthottawa.ca\/fr\/2023-spirit-award-recipients\/\"><\/a><\/div><div class=\"eael-entry-thumbnail\">\n                <img loading=\"lazy\" decoding=\"async\" width=\"1920\" height=\"720\" src=\"https:\/\/www.youthottawa.ca\/wp-content\/uploads\/2023\/05\/Grey-Winter-New-Collection-Fashion-Website-Banner.png\" class=\"attachment-twentyseventeen-featured-image size-twentyseventeen-featured-image wp-image-3707\" alt=\"\" srcset=\"https:\/\/www.youthottawa.ca\/wp-content\/uploads\/2023\/05\/Grey-Winter-New-Collection-Fashion-Website-Banner.png 1920w, https:\/\/www.youthottawa.ca\/wp-content\/uploads\/2023\/05\/Grey-Winter-New-Collection-Fashion-Website-Banner-300x113.png 300w, https:\/\/www.youthottawa.ca\/wp-content\/uploads\/2023\/05\/Grey-Winter-New-Collection-Fashion-Website-Banner-1024x384.png 1024w, https:\/\/www.youthottawa.ca\/wp-content\/uploads\/2023\/05\/Grey-Winter-New-Collection-Fashion-Website-Banner-768x288.png 768w, https:\/\/www.youthottawa.ca\/wp-content\/uploads\/2023\/05\/Grey-Winter-New-Collection-Fashion-Website-Banner-1536x576.png 1536w, https:\/\/www.youthottawa.ca\/wp-content\/uploads\/2023\/05\/Grey-Winter-New-Collection-Fashion-Website-Banner-18x7.png 18w\" sizes=\"auto, 100vw\" \/>\n            <\/div>\n        <\/div><div class=\"eael-entry-wrapper\"><header class=\"eael-entry-header\"><h2 class=\"eael-entry-title\"><a\n                        class=\"eael-grid-post-link\"\n                        href=\"https:\/\/www.youthottawa.ca\/fr\/2023-spirit-award-recipients\/\"\n                        title=\"Announcing the RBC 2023 Spirit Award Recipients\">Announcing the RBC 2023 Spirit Award Recipients<\/a><\/h2><\/header><div class=\"eael-entry-content\">\n                        <div class=\"eael-grid-post-excerpt\"><p>Nous sommes ravis d'annoncer les laur\u00e9ats de cette ann\u00e9e : 16 jeunes inspirants r\u00e9partis dans\nsept cat\u00e9gories de prix.<\/p><a\n                            href=\"https:\/\/www.youthottawa.ca\/fr\/2023-spirit-award-recipients\/\"\n                            class=\"eael-post-elements-readmore-btn\">Lire la suite<\/a><\/div>\n                    <\/div><\/div><\/div>\n        <\/div>\n    <\/article><article class=\"eael-grid-post eael-post-grid-column\" data-id=\"3590\">\n        <div class=\"eael-grid-post-holder\">\n            <div class=\"eael-grid-post-holder-inner\"><div class=\"eael-entry-media\"><div class=\"eael-entry-overlay fade-in\"><i class=\"far fa-newspaper\" aria-hidden=\"true\"><\/i><a href=\"https:\/\/www.youthottawa.ca\/fr\/thanks-for-another-amazing-youth-week\/\"><\/a><\/div><div class=\"eael-entry-thumbnail\">\n                <img loading=\"lazy\" decoding=\"async\" width=\"2000\" height=\"1200\" src=\"https:\/\/www.youthottawa.ca\/wp-content\/uploads\/2023\/05\/IMG_5957-2000x1200.jpg\" class=\"attachment-twentyseventeen-featured-image size-twentyseventeen-featured-image wp-image-3591\" alt=\"Overhead view of Ottawa City Hall during the Youth Action Untapped Showcase, there are around 100 people pictured\" sizes=\"auto, 100vw\" \/>\n            <\/div>\n        <\/div><div class=\"eael-entry-wrapper\"><header class=\"eael-entry-header\"><h2 class=\"eael-entry-title\"><a\n                        class=\"eael-grid-post-link\"\n                        href=\"https:\/\/www.youthottawa.ca\/fr\/thanks-for-another-amazing-youth-week\/\"\n                        title=\"Merci pour une semaine nationale de la jeunesse encore une fois extraordinaire !\">Merci pour une semaine nationale de la jeunesse encore une fois extraordinaire !<\/a><\/h2><\/header><div class=\"eael-entry-content\">\n                        <div class=\"eael-grid-post-excerpt\"><p>C'est votre soutien qui nous a aid\u00e9s \u00e0 r\u00e9aliser une semaine de la jeunesse plus grande et meilleure. Si vous avez manqu\u00e9 cette ann\u00e9e, voici un r\u00e9capitulatif de tout ce qui s'est pass\u00e9.<\/p><a\n                            href=\"https:\/\/www.youthottawa.ca\/fr\/thanks-for-another-amazing-youth-week\/\"\n                            class=\"eael-post-elements-readmore-btn\">Lire la suite<\/a><\/div>\n                    <\/div><\/div><\/div>\n        <\/div>\n    <\/article><article class=\"eael-grid-post eael-post-grid-column\" data-id=\"3586\">\n        <div class=\"eael-grid-post-holder\">\n            <div class=\"eael-grid-post-holder-inner\"><div class=\"eael-entry-media\"><div class=\"eael-entry-overlay fade-in\"><i class=\"far fa-newspaper\" aria-hidden=\"true\"><\/i><a href=\"https:\/\/www.youthottawa.ca\/fr\/oyec-ideas-to-build-a-better-ottawa\/\"><\/a><\/div><div class=\"eael-entry-thumbnail\">\n                <img loading=\"lazy\" decoding=\"async\" width=\"2000\" height=\"1200\" src=\"https:\/\/www.youthottawa.ca\/wp-content\/uploads\/2023\/05\/IMG-0522-2000x1200.jpg\" class=\"attachment-twentyseventeen-featured-image size-twentyseventeen-featured-image wp-image-3587\" alt=\"\" sizes=\"auto, 100vw\" \/>\n            <\/div>\n        <\/div><div class=\"eael-entry-wrapper\"><header class=\"eael-entry-header\"><h2 class=\"eael-entry-title\"><a\n                        class=\"eael-grid-post-link\"\n                        href=\"https:\/\/www.youthottawa.ca\/fr\/oyec-ideas-to-build-a-better-ottawa\/\"\n                        title=\"OYEC : Des id\u00e9es pour b\u00e2tir un meilleur Ottawa\">OYEC : Des id\u00e9es pour b\u00e2tir un meilleur Ottawa<\/a><\/h2><\/header><div class=\"eael-entry-content\">\n                        <div class=\"eael-grid-post-excerpt\"><p>Les membres de notre comit\u00e9 d'engagement des jeunes d'Ottawa ont \u00e9t\u00e9 inspir\u00e9s \u00e0 \u00e9crire sur leurs id\u00e9es pour faire d'Ottawa une ville meilleure.<\/p><a\n                            href=\"https:\/\/www.youthottawa.ca\/fr\/oyec-ideas-to-build-a-better-ottawa\/\"\n                            class=\"eael-post-elements-readmore-btn\">Lire la suite<\/a><\/div>\n                    <\/div><\/div><\/div>\n        <\/div>\n    <\/article><article class=\"eael-grid-post eael-post-grid-column\" data-id=\"3562\">\n        <div class=\"eael-grid-post-holder\">\n            <div class=\"eael-grid-post-holder-inner\"><div class=\"eael-entry-media\"><div class=\"eael-entry-overlay fade-in\"><i class=\"far fa-newspaper\" aria-hidden=\"true\"><\/i><a href=\"https:\/\/www.youthottawa.ca\/fr\/the-latest-news-from-oyec\/\"><\/a><\/div><div class=\"eael-entry-thumbnail\">\n                <img loading=\"lazy\" decoding=\"async\" width=\"1182\" height=\"665\" src=\"https:\/\/www.youthottawa.ca\/wp-content\/uploads\/2023\/04\/OYEC.jpeg\" class=\"attachment-twentyseventeen-featured-image size-twentyseventeen-featured-image wp-image-3563\" alt=\"\" srcset=\"https:\/\/www.youthottawa.ca\/wp-content\/uploads\/2023\/04\/OYEC.jpeg 1182w, https:\/\/www.youthottawa.ca\/wp-content\/uploads\/2023\/04\/OYEC-300x169.jpeg 300w, https:\/\/www.youthottawa.ca\/wp-content\/uploads\/2023\/04\/OYEC-1024x576.jpeg 1024w, https:\/\/www.youthottawa.ca\/wp-content\/uploads\/2023\/04\/OYEC-768x432.jpeg 768w, https:\/\/www.youthottawa.ca\/wp-content\/uploads\/2023\/04\/OYEC-16x9.jpeg 16w\" sizes=\"auto, 100vw\" \/>\n            <\/div>\n        <\/div><div class=\"eael-entry-wrapper\"><header class=\"eael-entry-header\"><h2 class=\"eael-entry-title\"><a\n                        class=\"eael-grid-post-link\"\n                        href=\"https:\/\/www.youthottawa.ca\/fr\/the-latest-news-from-oyec\/\"\n                        title=\"Les derni\u00e8res nouvelles de l&#039;OYEC\">Les derni\u00e8res nouvelles de l'OYEC<\/a><\/h2><\/header><div class=\"eael-entry-content\">\n                        <div class=\"eael-grid-post-excerpt\"><p>Le Comit\u00e9 d'engagement des jeunes d'Ottawa (OYEC) est un groupe de jeunes engag\u00e9s et de leaders communautaires, en partenariat avec la Ville d'Ottawa, qui s'efforcent de...<\/p><a\n                            href=\"https:\/\/www.youthottawa.ca\/fr\/the-latest-news-from-oyec\/\"\n                            class=\"eael-post-elements-readmore-btn\">Lire la suite<\/a><\/div>\n                    <\/div><\/div><\/div>\n        <\/div>\n    <\/article><article class=\"eael-grid-post eael-post-grid-column\" data-id=\"3546\">\n        <div class=\"eael-grid-post-holder\">\n            <div class=\"eael-grid-post-holder-inner\"><div class=\"eael-entry-media\"><div class=\"eael-entry-overlay fade-in\"><i class=\"far fa-newspaper\" aria-hidden=\"true\"><\/i><a href=\"https:\/\/www.youthottawa.ca\/fr\/the-2023-annual-mayors-charity-golf-classic\/\"><\/a><\/div><div class=\"eael-entry-thumbnail\">\n                <img loading=\"lazy\" decoding=\"async\" width=\"2000\" height=\"1200\" src=\"https:\/\/www.youthottawa.ca\/wp-content\/uploads\/2023\/03\/DSC09631-2000x1200.jpg\" class=\"attachment-twentyseventeen-featured-image size-twentyseventeen-featured-image wp-image-3547\" alt=\"Golf carts parked in line\" sizes=\"auto, 100vw\" \/>\n            <\/div>\n        <\/div><div class=\"eael-entry-wrapper\"><header class=\"eael-entry-header\"><h2 class=\"eael-entry-title\"><a\n                        class=\"eael-grid-post-link\"\n                        href=\"https:\/\/www.youthottawa.ca\/fr\/the-2023-annual-mayors-charity-golf-classic\/\"\n                        title=\"&lt;strong&gt;Classique de golf de bienfaisance annuelle 2023 du maire&lt;\/strong&gt;\"><strong>Classique de golf de bienfaisance annuelle 2023 du maire<\/strong><\/a><\/h2><\/header><div class=\"eael-entry-content\">\n                        <div class=\"eael-grid-post-excerpt\"><p>Nous sommes de retour pour le tournoi de golf le plus attendu de la ville avec le maire Sutcliffe pour la premi\u00e8re fois !<\/p><a\n                            href=\"https:\/\/www.youthottawa.ca\/fr\/the-2023-annual-mayors-charity-golf-classic\/\"\n                            class=\"eael-post-elements-readmore-btn\">Lire la suite<\/a><\/div>\n                    <\/div><\/div><\/div>\n        <\/div>\n    <\/article><article class=\"eael-grid-post eael-post-grid-column\" data-id=\"3540\">\n        <div class=\"eael-grid-post-holder\">\n            <div class=\"eael-grid-post-holder-inner\"><div class=\"eael-entry-media\"><div class=\"eael-entry-overlay fade-in\"><i class=\"far fa-newspaper\" aria-hidden=\"true\"><\/i><a href=\"https:\/\/www.youthottawa.ca\/fr\/whats-coming-up-this-youth-week\/\"><\/a><\/div><div class=\"eael-entry-thumbnail\">\n                <img loading=\"lazy\" decoding=\"async\" width=\"2000\" height=\"1200\" src=\"https:\/\/www.youthottawa.ca\/wp-content\/uploads\/2023\/03\/s-h-gue-CjMwAu4-OqY-unsplash-2000x1200.jpg\" class=\"attachment-twentyseventeen-featured-image size-twentyseventeen-featured-image wp-image-3541\" alt=\"Youth huddling together\" srcset=\"https:\/\/www.youthottawa.ca\/wp-content\/uploads\/2023\/03\/s-h-gue-CjMwAu4-OqY-unsplash-2000x1200.jpg 2000w, https:\/\/www.youthottawa.ca\/wp-content\/uploads\/2023\/03\/s-h-gue-CjMwAu4-OqY-unsplash-16x9.jpg 16w\" sizes=\"auto, 100vw\" \/>\n            <\/div>\n        <\/div><div class=\"eael-entry-wrapper\"><header class=\"eael-entry-header\"><h2 class=\"eael-entry-title\"><a\n                        class=\"eael-grid-post-link\"\n                        href=\"https:\/\/www.youthottawa.ca\/fr\/whats-coming-up-this-youth-week\/\"\n                        title=\"Que se passe-t-il pendant la semaine de la jeunesse?\">Que se passe-t-il pendant la semaine de la jeunesse?<\/a><\/h2><\/header><div class=\"eael-entry-content\">\n                        <div class=\"eael-grid-post-excerpt\"><p>La semaine des jeunes est de retour ! Gr\u00e2ce au travail acharn\u00e9 de notre comit\u00e9 d'engagement des jeunes d'Ottawa (OYEC), la premi\u00e8re semaine de mai 2023 est maintenant consacr\u00e9e...<\/p><a\n                            href=\"https:\/\/www.youthottawa.ca\/fr\/whats-coming-up-this-youth-week\/\"\n                            class=\"eael-post-elements-readmore-btn\">Lire la suite<\/a><\/div>\n                    <\/div><\/div><\/div>\n        <\/div>\n    <\/article><article class=\"eael-grid-post eael-post-grid-column\" data-id=\"3510\">\n        <div class=\"eael-grid-post-holder\">\n            <div class=\"eael-grid-post-holder-inner\"><div class=\"eael-entry-media\"><div class=\"eael-entry-overlay fade-in\"><i class=\"far fa-newspaper\" aria-hidden=\"true\"><\/i><a href=\"https:\/\/www.youthottawa.ca\/fr\/youth-week-film-festival\/\"><\/a><\/div><div class=\"eael-entry-thumbnail\">\n                <img loading=\"lazy\" decoding=\"async\" width=\"2000\" height=\"1200\" src=\"https:\/\/www.youthottawa.ca\/wp-content\/uploads\/2023\/03\/VESPYs-2000x1200.jpeg\" class=\"attachment-twentyseventeen-featured-image size-twentyseventeen-featured-image wp-image-3537\" alt=\"Filmmaker looks through the viewfinder on his camera as he films a scene\" sizes=\"auto, 100vw\" \/>\n            <\/div>\n        <\/div><div class=\"eael-entry-wrapper\"><header class=\"eael-entry-header\"><h2 class=\"eael-entry-title\"><a\n                        class=\"eael-grid-post-link\"\n                        href=\"https:\/\/www.youthottawa.ca\/fr\/youth-week-film-festival\/\"\n                        title=\"Montrez votre amour pour Ottawa avec notre Festival du film de la Semaine de la jeunesse\">Montrez votre amour pour Ottawa avec notre Festival du film de la Semaine de la jeunesse<\/a><\/h2><\/header><div class=\"eael-entry-content\">\n                        <div class=\"eael-grid-post-excerpt\"><p>Ce sera la toute premi\u00e8re fois que nous organisons un concours vid\u00e9o et nous esp\u00e9rons que vous \u00eates aussi excit\u00e9 que nous !<\/p><a\n                            href=\"https:\/\/www.youthottawa.ca\/fr\/youth-week-film-festival\/\"\n                            class=\"eael-post-elements-readmore-btn\">Lire la suite<\/a><\/div>\n                    <\/div><\/div><\/div>\n        <\/div>\n    <\/article><article class=\"eael-grid-post eael-post-grid-column\" data-id=\"3527\">\n        <div class=\"eael-grid-post-holder\">\n            <div class=\"eael-grid-post-holder-inner\"><div class=\"eael-entry-media\"><div class=\"eael-entry-overlay fade-in\"><i class=\"far fa-newspaper\" aria-hidden=\"true\"><\/i><a href=\"https:\/\/www.youthottawa.ca\/fr\/oyec-spotlight\/\"><\/a><\/div><div class=\"eael-entry-thumbnail\">\n                <img loading=\"lazy\" decoding=\"async\" width=\"1080\" height=\"1080\" src=\"https:\/\/www.youthottawa.ca\/wp-content\/uploads\/2023\/02\/IMG_4117.jpg\" class=\"attachment-twentyseventeen-featured-image size-twentyseventeen-featured-image wp-image-3528\" alt=\"\" srcset=\"https:\/\/www.youthottawa.ca\/wp-content\/uploads\/2023\/02\/IMG_4117.jpg 1080w, https:\/\/www.youthottawa.ca\/wp-content\/uploads\/2023\/02\/IMG_4117-300x300.jpg 300w, https:\/\/www.youthottawa.ca\/wp-content\/uploads\/2023\/02\/IMG_4117-1024x1024.jpg 1024w, https:\/\/www.youthottawa.ca\/wp-content\/uploads\/2023\/02\/IMG_4117-150x150.jpg 150w, https:\/\/www.youthottawa.ca\/wp-content\/uploads\/2023\/02\/IMG_4117-768x768.jpg 768w, https:\/\/www.youthottawa.ca\/wp-content\/uploads\/2023\/02\/IMG_4117-12x12.jpg 12w, https:\/\/www.youthottawa.ca\/wp-content\/uploads\/2023\/02\/IMG_4117-100x100.jpg 100w\" sizes=\"auto, 100vw\" \/>\n            <\/div>\n        <\/div><div class=\"eael-entry-wrapper\"><header class=\"eael-entry-header\"><h2 class=\"eael-entry-title\"><a\n                        class=\"eael-grid-post-link\"\n                        href=\"https:\/\/www.youthottawa.ca\/fr\/oyec-spotlight\/\"\n                        title=\"Pleins feux sur le CEJO\">Pleins feux sur le CEJO<\/a><\/h2><\/header><div class=\"eael-entry-content\">\n                        <div class=\"eael-grid-post-excerpt\"><p>Bien que le projet Sam's Sprouts ne soit plus en cours, les germes de Sam continuent de cro\u00eetre en termes d'impact sur la communaut\u00e9.<\/p><a\n                            href=\"https:\/\/www.youthottawa.ca\/fr\/oyec-spotlight\/\"\n                            class=\"eael-post-elements-readmore-btn\">Lire la suite<\/a><\/div>\n                    <\/div><\/div><\/div>\n        <\/div>\n    <\/article><article class=\"eael-grid-post eael-post-grid-column\" data-id=\"3514\">\n        <div class=\"eael-grid-post-holder\">\n            <div class=\"eael-grid-post-holder-inner\"><div class=\"eael-entry-media\"><div class=\"eael-entry-overlay fade-in\"><i class=\"far fa-newspaper\" aria-hidden=\"true\"><\/i><a href=\"https:\/\/www.youthottawa.ca\/fr\/2023-mayor-for-a-day-contest\/\"><\/a><\/div><div class=\"eael-entry-thumbnail\">\n                <img loading=\"lazy\" decoding=\"async\" width=\"1080\" height=\"1080\" src=\"https:\/\/www.youthottawa.ca\/wp-content\/uploads\/2023\/02\/Launch.png\" class=\"attachment-twentyseventeen-featured-image size-twentyseventeen-featured-image wp-image-3515\" alt=\"\" srcset=\"https:\/\/www.youthottawa.ca\/wp-content\/uploads\/2023\/02\/Launch.png 1080w, https:\/\/www.youthottawa.ca\/wp-content\/uploads\/2023\/02\/Launch-300x300.png 300w, https:\/\/www.youthottawa.ca\/wp-content\/uploads\/2023\/02\/Launch-1024x1024.png 1024w, https:\/\/www.youthottawa.ca\/wp-content\/uploads\/2023\/02\/Launch-150x150.png 150w, https:\/\/www.youthottawa.ca\/wp-content\/uploads\/2023\/02\/Launch-768x768.png 768w, https:\/\/www.youthottawa.ca\/wp-content\/uploads\/2023\/02\/Launch-12x12.png 12w, https:\/\/www.youthottawa.ca\/wp-content\/uploads\/2023\/02\/Launch-100x100.png 100w\" sizes=\"auto, 100vw\" \/>\n            <\/div>\n        <\/div><div class=\"eael-entry-wrapper\"><header class=\"eael-entry-header\"><h2 class=\"eael-entry-title\"><a\n                        class=\"eael-grid-post-link\"\n                        href=\"https:\/\/www.youthottawa.ca\/fr\/2023-mayor-for-a-day-contest\/\"\n                        title=\"Concours maire d\u2019un jour 2023\">Concours maire d\u2019un jour 2023<\/a><\/h2><\/header><div class=\"eael-entry-content\">\n                        <div class=\"eael-grid-post-excerpt\"><p>Jeunesse Ottawa est fier d'organiser son premier concours Maire d'un jour avec le nouveau maire Mark Sutcliffe.<\/p><a\n                            href=\"https:\/\/www.youthottawa.ca\/fr\/2023-mayor-for-a-day-contest\/\"\n                            class=\"eael-post-elements-readmore-btn\">Lire la suite<\/a><\/div>\n                    <\/div><\/div><\/div>\n        <\/div>\n    <\/article><article class=\"eael-grid-post eael-post-grid-column\" data-id=\"3511\">\n        <div class=\"eael-grid-post-holder\">\n            <div class=\"eael-grid-post-holder-inner\"><div class=\"eael-entry-media\"><div class=\"eael-entry-overlay fade-in\"><i class=\"far fa-newspaper\" aria-hidden=\"true\"><\/i><a href=\"https:\/\/www.youthottawa.ca\/fr\/2023-spirit-nominations\/\"><\/a><\/div><div class=\"eael-entry-thumbnail\">\n                <img loading=\"lazy\" decoding=\"async\" width=\"2000\" height=\"1200\" src=\"https:\/\/www.youthottawa.ca\/wp-content\/uploads\/2023\/02\/DSC01753-2000x1200.jpg\" class=\"attachment-twentyseventeen-featured-image size-twentyseventeen-featured-image wp-image-3518\" alt=\"\" sizes=\"auto, 100vw\" \/>\n            <\/div>\n        <\/div><div class=\"eael-entry-wrapper\"><header class=\"eael-entry-header\"><h2 class=\"eael-entry-title\"><a\n                        class=\"eael-grid-post-link\"\n                        href=\"https:\/\/www.youthottawa.ca\/fr\/2023-spirit-nominations\/\"\n                        title=\"Mises en candidature maintenant OUVERTES pour les Prix Esprit\">Mises en candidature maintenant OUVERTES pour les Prix Esprit<\/a><\/h2><\/header><div class=\"eael-entry-content\">\n                        <div class=\"eael-grid-post-excerpt\"><p>Connaissez-vous un jeune qui m\u00e9rite d'\u00eatre reconnu? Les candidatures sont maintenant OUVERTES pour les Prix Esprit de la capitale RBC 2023 !<\/p><a\n                            href=\"https:\/\/www.youthottawa.ca\/fr\/2023-spirit-nominations\/\"\n                            class=\"eael-post-elements-readmore-btn\">Lire la suite<\/a><\/div>\n                    <\/div><\/div><\/div>\n        <\/div>\n    <\/article><article class=\"eael-grid-post eael-post-grid-column\" data-id=\"3489\">\n        <div class=\"eael-grid-post-holder\">\n            <div class=\"eael-grid-post-holder-inner\"><div class=\"eael-entry-media\"><div class=\"eael-entry-overlay fade-in\"><i class=\"far fa-newspaper\" aria-hidden=\"true\"><\/i><a href=\"https:\/\/www.youthottawa.ca\/fr\/thanks-for-making-2022-brighter\/\"><\/a><\/div><div class=\"eael-entry-thumbnail\">\n                <img loading=\"lazy\" decoding=\"async\" width=\"2000\" height=\"1200\" src=\"https:\/\/www.youthottawa.ca\/wp-content\/uploads\/2023\/01\/thanks-for-making-2000x1200.png\" class=\"attachment-twentyseventeen-featured-image size-twentyseventeen-featured-image wp-image-3490\" alt=\"\" sizes=\"auto, 100vw\" \/>\n            <\/div>\n        <\/div><div class=\"eael-entry-wrapper\"><header class=\"eael-entry-header\"><h2 class=\"eael-entry-title\"><a\n                        class=\"eael-grid-post-link\"\n                        href=\"https:\/\/www.youthottawa.ca\/fr\/thanks-for-making-2022-brighter\/\"\n                        title=\"Merci d\u2019avoir rendu notre ann\u00e9e 2022 plus radieuse !\">Merci d\u2019avoir rendu notre ann\u00e9e 2022 plus radieuse !<\/a><\/h2><\/header><div class=\"eael-entry-content\">\n                        <div class=\"eael-grid-post-excerpt\"><p>2022 a \u00e9t\u00e9 une ann\u00e9e incroyable, tout cela gr\u00e2ce \u00e0 vous. Pour montrer notre appr\u00e9ciation, nous avons rassembl\u00e9 notre rapport de gratitude annuel soulignant toutes nos r\u00e9alisations au cours de l'ann\u00e9e \u00e9coul\u00e9e.<\/p><a\n                            href=\"https:\/\/www.youthottawa.ca\/fr\/thanks-for-making-2022-brighter\/\"\n                            class=\"eael-post-elements-readmore-btn\">Lire la suite<\/a><\/div>\n                    <\/div><\/div><\/div>\n        <\/div>\n    <\/article><article class=\"eael-grid-post eael-post-grid-column\" data-id=\"3486\">\n        <div class=\"eael-grid-post-holder\">\n            <div class=\"eael-grid-post-holder-inner\"><div class=\"eael-entry-media\"><div class=\"eael-entry-overlay fade-in\"><i class=\"far fa-newspaper\" aria-hidden=\"true\"><\/i><a href=\"https:\/\/www.youthottawa.ca\/fr\/2023-agm\/\"><\/a><\/div><div class=\"eael-entry-thumbnail\">\n                <img loading=\"lazy\" decoding=\"async\" width=\"2000\" height=\"1200\" src=\"https:\/\/www.youthottawa.ca\/wp-content\/uploads\/2023\/01\/caucasian-woman-writing-a-letter-2021-09-04-05-05-51-utc-2000x1200.jpeg\" class=\"attachment-twentyseventeen-featured-image size-twentyseventeen-featured-image wp-image-3487\" alt=\"\" sizes=\"auto, 100vw\" \/>\n            <\/div>\n        <\/div><div class=\"eael-entry-wrapper\"><header class=\"eael-entry-header\"><h2 class=\"eael-entry-title\"><a\n                        class=\"eael-grid-post-link\"\n                        href=\"https:\/\/www.youthottawa.ca\/fr\/2023-agm\/\"\n                        title=\"Rejoignez-nous pour notre assembl\u00e9e g\u00e9n\u00e9rale annuelle 2023\">Rejoignez-nous pour notre assembl\u00e9e g\u00e9n\u00e9rale annuelle 2023<\/a><\/h2><\/header><div class=\"eael-entry-content\">\n                        <div class=\"eael-grid-post-excerpt\"><p>L'assembl\u00e9e g\u00e9n\u00e9rale annuelle 2023 de Jeunesse Ottawa aura lieu le 24 janvier 2023, de 18 \u00e0 20 heures.<\/p><a\n                            href=\"https:\/\/www.youthottawa.ca\/fr\/2023-agm\/\"\n                            class=\"eael-post-elements-readmore-btn\">Lire la suite<\/a><\/div>\n                    <\/div><\/div><\/div>\n        <\/div>\n    <\/article><\/div>\n            <div class=\"clearfix\"><\/div>\n        <\/div>            <div class=\"eael-load-more-button-wrap\">\n                <button class=\"eael-load-more-button\" id=\"eael-load-more-btn-29991a5\" data-widget-id=\"29991a5\" data-widget=\"29991a5\" data-page-id=\"103\" data-nonce=\"da553f9938\" data-template=\"{&quot;dir&quot;:&quot;lite&quot;,&quot;file_name&quot;:&quot;default.php&quot;,&quot;name&quot;:&quot;Post-Grid&quot;}\" data-class=\"Essential_Addons_Elementor\\Elements\\Post_Grid\" data-layout=\"masonry\" data-page=\"1\" data-args=\"orderby=date&amp;order=desc&amp;ignore_sticky_posts=1&amp;post_status=publish&amp;posts_per_page=40&amp;offset=0&amp;post_type=post\" data-max-page=\"3\">\n                    <div class=\"eael-btn-loader button__loader\"><\/div>\n                    <span>Load More<\/span>\n                <\/button>\n            <\/div>\n        \t\t<\/div>\n\t\t\t\t<\/div>\n\t\t\t\t\t\t<\/div>\n\t\t\t\t\t<\/div>\n\t\t<\/div>\n\t\t\t\t\t\t\t\t<\/div>\n\t\t\t\t\t<\/div>\n\t\t<\/section>\n\t\t\t\t\t\t\t\t\t<\/div>\n\t\t\t<\/div>\n\t\t\t\t\t<\/div>","protected":false},"excerpt":{"rendered":"<p>The Latest Stay up to date with Youth Ottawa&#8217;s latest news and events. \ud83c\udf81 Giving Tuesday 2025: Come Play for a Purpose Join Youth Ottawa\u2019s City-Wide Trivia Showdown \u2014 Friday, December 5th (12\u20131PM) Read More Celebrating the RBC 21 Under 21 Award Winners: Meet the Young Leaders Shaping Our Future Introducing the 21 remarkable youth &hellip; <\/p>\n<p class=\"link-more\"><a href=\"https:\/\/www.youthottawa.ca\/fr\/2023-agm\/\" class=\"more-link\">Continuer la lecture<span class=\"screen-reader-text\"> de &laquo; Join us for our 2023 Annual General Meeting &raquo;<\/span><\/a><\/p>","protected":false},"author":2,"featured_media":0,"parent":0,"menu_order":0,"comment_status":"closed","ping_status":"closed","template":"elementor_header_footer","meta":{"footnotes":""},"class_list":["post-103","page","type-page","status-publish","hentry"],"_links":{"self":[{"href":"https:\/\/www.youthottawa.ca\/fr\/wp-json\/wp\/v2\/pages\/103","targetHints":{"allow":["GET"]}}],"collection":[{"href":"https:\/\/www.youthottawa.ca\/fr\/wp-json\/wp\/v2\/pages"}],"about":[{"href":"https:\/\/www.youthottawa.ca\/fr\/wp-json\/wp\/v2\/types\/page"}],"author":[{"embeddable":true,"href":"https:\/\/www.youthottawa.ca\/fr\/wp-json\/wp\/v2\/users\/2"}],"replies":[{"embeddable":true,"href":"https:\/\/www.youthottawa.ca\/fr\/wp-json\/wp\/v2\/comments?post=103"}],"version-history":[{"count":0,"href":"https:\/\/www.youthottawa.ca\/fr\/wp-json\/wp\/v2\/pages\/103\/revisions"}],"wp:attachment":[{"href":"https:\/\/www.youthottawa.ca\/fr\/wp-json\/wp\/v2\/media?parent=103"}],"curies":[{"name":"wp","href":"https:\/\/api.w.org\/{rel}","templated":true}]}}